{"id":14734,"date":"2021-01-23T11:12:14","date_gmt":"2021-01-23T10:12:30","guid":{"rendered":"https:\/\/www.scheer-imc.com\/?page_id=14734"},"modified":"2025-11-05T15:03:16","modified_gmt":"2025-11-05T14:03:16","slug":"rethink","status":"publish","type":"page","link":"https:\/\/www.scheer-imc.com\/rethink\/","title":{"rendered":"Rethink Magazine"},"content":{"rendered":"<div id=\"pl-14734\"  class=\"panel-layout\" ><div id=\"pg-14734-0\"  class=\"panel-grid panel-no-style\"  style=\"--mobile-padding:;\" ><div id=\"pgc-14734-0-0\"  class=\"panel-grid-cell\" ><div id=\"panel-14734-0-0-0\" class=\"so-panel widget widget_zrm-articleslider panel-first-child panel-last-child\" data-index=\"0\" ><div\n\t\t\t\n\t\t\tclass=\"so-widget-zrm-articleslider so-widget-zrm-articleslider-default-d75171398898-14734\"\n\t\t\t\n\t\t><div class=\"widget widget--article-slider xl\">\n    <div class=\"article-slider\">\n        <div class=\"glide\">\n            <div data-glide-el=\"track\" class=\"glide__track\">\n                <div class=\"glide__slides\">\n                                            <div class=\"glide__slide\">\n                            <img decoding=\"async\" src=\"https:\/\/www.scheer-imc.com\/wp-content\/uploads\/2023\/12\/imc_image_featured_2_praxis_2023.jpg\">\n                            <div class=\"glide__content\">\n                                <div class=\"article__details magazine-tag\">\n                                                                            <span class=\"article__theme\">LMS Hot Topics<\/span>\n                                        <span class=\"article__seperator\">\u00b7<\/span>\n                                                                            <span class=\"article__date\">06.12.2023<\/span>\n                                                                                                                    <span class=\"article__readingtime\">Reading time 4 min.<\/span>\n                                                                        <\/div>\n                                <a href=\"https:\/\/www.scheer-imc.com\/blog\/article\/lms-rollouts-theory-vs-practice\/\" title=\"LMS Rollouts: Theory vs. Practice\" target=\"_self\">\n                                    <div class=\"article__title magazine-h2\">LMS Rollouts: Theory vs. Practice<\/div>\n                                <\/a>\n                                <div class=\"control control--next\"><?xml version=\"1.0\" encoding=\"UTF-8\"?>\n<svg width=\"10px\" height=\"16px\" viewBox=\"0 0 10 16\" version=\"1.1\" xmlns=\"http:\/\/www.w3.org\/2000\/svg\" xmlns:xlink=\"http:\/\/www.w3.org\/1999\/xlink\">\n    <title>chevron-right<\/title>\n    <g id=\"Page-1\" stroke=\"none\" stroke-width=\"1\" fill=\"none\" fill-rule=\"evenodd\" stroke-linecap=\"round\" stroke-linejoin=\"round\">\n        <g id=\"chevron-right\" transform=\"translate(1.000000, 1.000000)\" stroke=\"#282828\" stroke-width=\"2\">\n            <path d=\"M0.5459,13.9999 C0.5459,13.9999 7.39709,7.15729 7.39709,7.00075 C7.39709,6.8442 0.5459,0 0.5459,0\" id=\"Path\"><\/path>\n        <\/g>\n    <\/g>\n<\/svg><\/div>\n                                <div class=\"control control--prev\"><?xml version=\"1.0\" encoding=\"UTF-8\"?>\n<svg width=\"10px\" height=\"16px\" viewBox=\"0 0 10 16\" version=\"1.1\" xmlns=\"http:\/\/www.w3.org\/2000\/svg\" xmlns:xlink=\"http:\/\/www.w3.org\/1999\/xlink\">\n    <title>chevron-left<\/title>\n    <g id=\"Page-1\" stroke=\"none\" stroke-width=\"1\" fill=\"none\" fill-rule=\"evenodd\" stroke-linecap=\"round\" stroke-linejoin=\"round\">\n        <g id=\"chevron-left\" transform=\"translate(5.000000, 8.000000) scale(-1, 1) translate(-5.000000, -8.000000) translate(1.000000, 1.000000)\" stroke=\"#282828\" stroke-width=\"2\">\n            <path d=\"M0.5459,13.9999 C0.5459,13.9999 7.39709,7.15729 7.39709,7.00075 C7.39709,6.8442 0.5459,0 0.5459,0\" id=\"Path\"><\/path>\n        <\/g>\n    <\/g>\n<\/svg><\/div>\n                            <\/div>\n                        <\/div>\n                                                <div class=\"glide__slide\">\n                            <img decoding=\"async\" src=\"https:\/\/www.scheer-imc.com\/wp-content\/uploads\/2023\/11\/imc-elearningpunk-FutureSkills-01.jpg\">\n                            <div class=\"glide__content\">\n                                <div class=\"article__details magazine-tag\">\n                                                                            <span class=\"article__theme\">E-Learning Punk<\/span>\n                                        <span class=\"article__seperator\">\u00b7<\/span>\n                                                                            <span class=\"article__date\">14.11.2023<\/span>\n                                                                                                                    <span class=\"article__readingtime\">Reading time 5 min.<\/span>\n                                                                        <\/div>\n                                <a href=\"https:\/\/www.scheer-imc.com\/blog\/article\/the-meaning-of-future-skills\/\" title=\"The Meaning of Future Skills\" target=\"_self\">\n                                    <div class=\"article__title magazine-h2\">The Meaning of Future Skills<\/div>\n                                <\/a>\n                                <div class=\"control control--next\"><?xml version=\"1.0\" encoding=\"UTF-8\"?>\n<svg width=\"10px\" height=\"16px\" viewBox=\"0 0 10 16\" version=\"1.1\" xmlns=\"http:\/\/www.w3.org\/2000\/svg\" xmlns:xlink=\"http:\/\/www.w3.org\/1999\/xlink\">\n    <title>chevron-right<\/title>\n    <g id=\"Page-1\" stroke=\"none\" stroke-width=\"1\" fill=\"none\" fill-rule=\"evenodd\" stroke-linecap=\"round\" stroke-linejoin=\"round\">\n        <g id=\"chevron-right\" transform=\"translate(1.000000, 1.000000)\" stroke=\"#282828\" stroke-width=\"2\">\n            <path d=\"M0.5459,13.9999 C0.5459,13.9999 7.39709,7.15729 7.39709,7.00075 C7.39709,6.8442 0.5459,0 0.5459,0\" id=\"Path\"><\/path>\n        <\/g>\n    <\/g>\n<\/svg><\/div>\n                                <div class=\"control control--prev\"><?xml version=\"1.0\" encoding=\"UTF-8\"?>\n<svg width=\"10px\" height=\"16px\" viewBox=\"0 0 10 16\" version=\"1.1\" xmlns=\"http:\/\/www.w3.org\/2000\/svg\" xmlns:xlink=\"http:\/\/www.w3.org\/1999\/xlink\">\n    <title>chevron-left<\/title>\n    <g id=\"Page-1\" stroke=\"none\" stroke-width=\"1\" fill=\"none\" fill-rule=\"evenodd\" stroke-linecap=\"round\" stroke-linejoin=\"round\">\n        <g id=\"chevron-left\" transform=\"translate(5.000000, 8.000000) scale(-1, 1) translate(-5.000000, -8.000000) translate(1.000000, 1.000000)\" stroke=\"#282828\" stroke-width=\"2\">\n            <path d=\"M0.5459,13.9999 C0.5459,13.9999 7.39709,7.15729 7.39709,7.00075 C7.39709,6.8442 0.5459,0 0.5459,0\" id=\"Path\"><\/path>\n        <\/g>\n    <\/g>\n<\/svg><\/div>\n                            <\/div>\n                        <\/div>\n                                                <div class=\"glide__slide\">\n                            <img decoding=\"async\" src=\"https:\/\/www.scheer-imc.com\/wp-content\/uploads\/2023\/07\/imc-elearning-punl-Cohort-based-Learning-01.jpg\">\n                            <div class=\"glide__content\">\n                                <div class=\"article__details magazine-tag\">\n                                                                            <span class=\"article__theme\">E-Learning Punk<\/span>\n                                        <span class=\"article__seperator\">\u00b7<\/span>\n                                                                            <span class=\"article__date\">11.07.2023<\/span>\n                                                                                                                    <span class=\"article__readingtime\">Reading time 3 min.<\/span>\n                                                                        <\/div>\n                                <a href=\"https:\/\/www.scheer-imc.com\/blog\/article\/cohort-based-learning-learning\/\" title=\"Cohort-based Learning: Learning Together Beats going it Alone\" target=\"_self\">\n                                    <div class=\"article__title magazine-h2\">Cohort-based Learning: Learning Together Beats going it Alone<\/div>\n                                <\/a>\n                                <div class=\"control control--next\"><?xml version=\"1.0\" encoding=\"UTF-8\"?>\n<svg width=\"10px\" height=\"16px\" viewBox=\"0 0 10 16\" version=\"1.1\" xmlns=\"http:\/\/www.w3.org\/2000\/svg\" xmlns:xlink=\"http:\/\/www.w3.org\/1999\/xlink\">\n    <title>chevron-right<\/title>\n    <g id=\"Page-1\" stroke=\"none\" stroke-width=\"1\" fill=\"none\" fill-rule=\"evenodd\" stroke-linecap=\"round\" stroke-linejoin=\"round\">\n        <g id=\"chevron-right\" transform=\"translate(1.000000, 1.000000)\" stroke=\"#282828\" stroke-width=\"2\">\n            <path d=\"M0.5459,13.9999 C0.5459,13.9999 7.39709,7.15729 7.39709,7.00075 C7.39709,6.8442 0.5459,0 0.5459,0\" id=\"Path\"><\/path>\n        <\/g>\n    <\/g>\n<\/svg><\/div>\n                                <div class=\"control control--prev\"><?xml version=\"1.0\" encoding=\"UTF-8\"?>\n<svg width=\"10px\" height=\"16px\" viewBox=\"0 0 10 16\" version=\"1.1\" xmlns=\"http:\/\/www.w3.org\/2000\/svg\" xmlns:xlink=\"http:\/\/www.w3.org\/1999\/xlink\">\n    <title>chevron-left<\/title>\n    <g id=\"Page-1\" stroke=\"none\" stroke-width=\"1\" fill=\"none\" fill-rule=\"evenodd\" stroke-linecap=\"round\" stroke-linejoin=\"round\">\n        <g id=\"chevron-left\" transform=\"translate(5.000000, 8.000000) scale(-1, 1) translate(-5.000000, -8.000000) translate(1.000000, 1.000000)\" stroke=\"#282828\" stroke-width=\"2\">\n            <path d=\"M0.5459,13.9999 C0.5459,13.9999 7.39709,7.15729 7.39709,7.00075 C7.39709,6.8442 0.5459,0 0.5459,0\" id=\"Path\"><\/path>\n        <\/g>\n    <\/g>\n<\/svg><\/div>\n                            <\/div>\n                        <\/div>\n                                        <\/div>\n            <\/div>\n        <\/div>\n    <\/div>\n<\/div>\n<\/div><\/div><\/div><\/div><div id=\"pg-14734-1\"  class=\"panel-grid panel-no-style\"  style=\"--mobile-padding:;\" ><div id=\"pgc-14734-1-0\"  class=\"panel-grid-cell panel-grid-cell-empty\" ><\/div><div id=\"pgc-14734-1-1\"  class=\"panel-grid-cell panel-grid-cell-mobile-last\" ><div id=\"panel-14734-1-1-0\" class=\"so-panel widget widget_zrm-rss panel-first-child\" data-index=\"1\" ><div\n\t\t\t\n\t\t\tclass=\"so-widget-zrm-rss so-widget-zrm-rss-default-d75171398898-14734\"\n\t\t\t\n\t\t><div class=\"widget widget--rss no\">\n        <a href=\"https:\/\/www.scheer-imc.com\/feed\/?post_type=post_type_article\" title=\"Subscribe RSS feed\" target=\"_self\">\n        <div class=\"rss\">\n            <div class=\"rss__rethink\">\n                <img decoding=\"async\" width=\"317\" height=\"72\" src=\"https:\/\/www.scheer-imc.com\/wp-content\/uploads\/2021\/01\/rethink_logo_white.png\" class=\"attachment-full size-full\" alt=\"\" srcset=\"https:\/\/www.scheer-imc.com\/wp-content\/uploads\/2021\/01\/rethink_logo_white.png 317w, https:\/\/www.scheer-imc.com\/wp-content\/uploads\/2021\/01\/rethink_logo_white-300x68.png 300w\" sizes=\"(max-width: 317px) 100vw, 317px\" \/>            <\/div>\n            <div class=\"rss__text\">\n                <span>The official imc magazine<\/span>\n                <span><b>Subscribe<\/b> RSS Feed <b>now<\/b><\/span>\n            <\/div>\n            <div class=\"rss__logo\">\n                <img decoding=\"async\" width=\"47\" height=\"47\" src=\"https:\/\/www.scheer-imc.com\/wp-content\/uploads\/2021\/01\/rss_logo.png\" class=\"attachment-full size-full\" alt=\"RSS\" \/>            <\/div>\n        <\/div>\n    <\/a>\n<\/div>\n<\/div><\/div><div id=\"panel-14734-1-1-1\" class=\"so-panel widget widget_zrm-tagcloud\" data-index=\"2\" ><div\n\t\t\t\n\t\t\tclass=\"so-widget-zrm-tagcloud so-widget-zrm-tagcloud-default-d75171398898-14734\"\n\t\t\t\n\t\t><div class=\"widget widget--tag-cloud no\">\n\t<div class=\"tags\">\n\t\t<a href=\"https:\/\/www.scheer-imc.com\/blog\/article\/\" target=\"_self\" class=\"tag\">All Articles<\/a>\n\t\t\t\t\t<a href=\"https:\/\/www.scheer-imc.com\/blog\/article\/?filter=ai&title=AI\" target=\"_self\" class=\"tag\">AI<\/a>\n\t\t\t\t\t<a href=\"https:\/\/www.scheer-imc.com\/blog\/article\/?filter=authoring&title=Authoring\" target=\"_self\" class=\"tag\">Authoring<\/a>\n\t\t\t\t\t<a href=\"https:\/\/www.scheer-imc.com\/blog\/article\/?filter=blended-learning&title=Blended Learning\" target=\"_self\" class=\"tag\">Blended Learning<\/a>\n\t\t\t\t\t<a href=\"https:\/\/www.scheer-imc.com\/blog\/article\/?filter=content&title=Content\" target=\"_self\" class=\"tag\">Content<\/a>\n\t\t\t\t\t<a href=\"https:\/\/www.scheer-imc.com\/blog\/article\/?filter=digital-education&title=Digital Education\" target=\"_self\" class=\"tag\">Digital Education<\/a>\n\t\t\t\t\t<a href=\"https:\/\/www.scheer-imc.com\/blog\/article\/?filter=digital-transformation&title=Digital Transformation\" target=\"_self\" class=\"tag\">Digital Transformation<\/a>\n\t\t\t\t\t<a href=\"https:\/\/www.scheer-imc.com\/blog\/article\/?filter=diversity&title=Diversity\" target=\"_self\" class=\"tag\">Diversity<\/a>\n\t\t\t\t\t<a href=\"https:\/\/www.scheer-imc.com\/blog\/article\/?filter=gamification&title=Gamification\" target=\"_self\" class=\"tag\">Gamification<\/a>\n\t\t\t\t\t<a href=\"https:\/\/www.scheer-imc.com\/blog\/article\/?filter=informal-learning&title=Informal Learning\" target=\"_self\" class=\"tag\">Informal Learning<\/a>\n\t\t\t\t\t<a href=\"https:\/\/www.scheer-imc.com\/blog\/article\/?filter=learning-analytics&title=Learning Analytics\" target=\"_self\" class=\"tag\">Learning Analytics<\/a>\n\t\t\t\t\t<a href=\"https:\/\/www.scheer-imc.com\/blog\/article\/?filter=learning-culture&title=Learning Culture\" target=\"_self\" class=\"tag\">Learning Culture<\/a>\n\t\t\t\t\t<a href=\"https:\/\/www.scheer-imc.com\/blog\/article\/?filter=learning-experience&title=Learning Experience\" target=\"_self\" class=\"tag\">Learning Experience<\/a>\n\t\t\t\t\t<a href=\"https:\/\/www.scheer-imc.com\/blog\/article\/?filter=learning-strategy&title=Learning Strategy\" target=\"_self\" class=\"tag\">Learning Strategy<\/a>\n\t\t\t\t\t<a href=\"https:\/\/www.scheer-imc.com\/blog\/article\/?filter=lms&title=LMS\" target=\"_self\" class=\"tag\">LMS<\/a>\n\t\t\t\t\t<a href=\"https:\/\/www.scheer-imc.com\/blog\/article\/?filter=lms-integrations&title=LMS integrations\" target=\"_self\" class=\"tag\">LMS integrations<\/a>\n\t\t\t\t\t<a href=\"https:\/\/www.scheer-imc.com\/blog\/article\/?filter=mobile-learning&title=Mobile Learning\" target=\"_self\" class=\"tag\">Mobile Learning<\/a>\n\t\t\t\t\t<a href=\"https:\/\/www.scheer-imc.com\/blog\/article\/?filter=new-work&title=New Work\" target=\"_self\" class=\"tag\">New Work<\/a>\n\t\t\t\t\t<a href=\"https:\/\/www.scheer-imc.com\/blog\/article\/?filter=onboarding&title=Onboarding\" target=\"_self\" class=\"tag\">Onboarding<\/a>\n\t\t\t\t\t<a href=\"https:\/\/www.scheer-imc.com\/blog\/article\/?filter=social-learning&title=Social Learning\" target=\"_self\" class=\"tag\">Social Learning<\/a>\n\t\t\t\t\t<a href=\"https:\/\/www.scheer-imc.com\/blog\/article\/?filter=trends&title=Trends\" target=\"_self\" class=\"tag\">Trends<\/a>\n\t\t\t\t\t<a href=\"https:\/\/www.scheer-imc.com\/blog\/article\/?filter=video-based-learning&title=Video-based Learning\" target=\"_self\" class=\"tag\">Video-based Learning<\/a>\n\t\t\t\t\t<a href=\"https:\/\/www.scheer-imc.com\/blog\/article\/?filter=virtual-classroom&title=Virtual Classroom\" target=\"_self\" class=\"tag\">Virtual Classroom<\/a>\n\t\t\t\t\t<a href=\"https:\/\/www.scheer-imc.com\/blog\/article\/?filter=working-at-imc&title=Work at imc\" target=\"_self\" class=\"tag\">Work at imc<\/a>\n\t\t\t<\/div>\n<\/div>\n<\/div><\/div><div id=\"panel-14734-1-1-2\" class=\"so-panel widget widget_zrm-search panel-last-child\" data-index=\"3\" ><div\n\t\t\t\n\t\t\tclass=\"so-widget-zrm-search so-widget-zrm-search-default-d75171398898-14734\"\n\t\t\t\n\t\t>\n<div class=\"widget widget--search lg\">\n        <form id=\"searchform\" method=\"get\" action=\"https:\/\/www.scheer-imc.com\/\">\n    <input type=\"text\" class=\"search-field\" name=\"s\" placeholder=\"What are you looking for?\" value=\"\">\n    <input class=\"searchform__button searchform__button--submit\" value=\"\" type=\"submit\">\n    <div class=\"searchform__button searchform__button--close trigger-search-bar\"><\/div>\n<\/form><\/div>\n\n<\/div><\/div><\/div><div id=\"pgc-14734-1-2\"  class=\"panel-grid-cell panel-grid-cell-empty\" ><\/div><\/div><div id=\"pg-14734-2\"  class=\"panel-grid panel-no-style\"  style=\"--mobile-padding:;\" ><div id=\"pgc-14734-2-0\"  class=\"panel-grid-cell\" ><div id=\"panel-14734-2-0-0\" class=\"so-panel widget widget_zrm-headlinemagazine panel-first-child panel-last-child\" data-index=\"4\" ><div\n\t\t\t\n\t\t\tclass=\"so-widget-zrm-headlinemagazine so-widget-zrm-headlinemagazine-default-d75171398898-14734\"\n\t\t\t\n\t\t><div class=\"widget widget--headline-magazine lg\">\n\t<h1 class=\"magazine-h1\"><span>Most popular articles<\/span><\/h1><\/div>\n<\/div><\/div><\/div><\/div><div id=\"pg-14734-3\"  class=\"panel-grid panel-no-style\"  style=\"--mobile-padding:;\" ><div id=\"pgc-14734-3-0\"  class=\"panel-grid-cell panel-grid-cell-empty\" ><\/div><div id=\"pgc-14734-3-1\"  class=\"panel-grid-cell panel-grid-cell-mobile-last\" ><div id=\"panel-14734-3-1-0\" class=\"so-panel widget widget_zrm-articlegrid panel-first-child panel-last-child\" data-index=\"5\" ><div\n\t\t\t\n\t\t\tclass=\"so-widget-zrm-articlegrid so-widget-zrm-articlegrid-default-d75171398898-14734\"\n\t\t\t\n\t\t><div class=\"widget widget--article-grid article-grid--small md\">\n        <div class=\"article\">\n        <div class=\"article__thumbnail\">\n            <img decoding=\"async\" src=\"https:\/\/www.scheer-imc.com\/wp-content\/uploads\/2025\/04\/LearningEcosystem-1024x659.jpg\">\n        <\/div>\n        <div class=\"article__details magazine-tag\">\n                        <span class=\"article__date\">30.04.2025<\/span>\n                    <\/div>\n        <a href=\"https:\/\/www.scheer-imc.com\/blog\/article\/learning-ecosystem\/\" title=\"Learning Ecosystem: Integrated Enterprise Learning\" target=\"_self\">\n            <div class=\"article__title magazine-h3\">Learning Ecosystem: Integrated Enterprise Learning<\/div>\n        <\/a>\n        <div class=\"article__share\">\n                        <div class=\"shariff\"><ul class=\"shariff-buttons theme-default orientation-horizontal buttonsize-medium\"><li class=\"shariff-button linkedin shariff-nocustomcolor\" style=\"background-color:#1488bf\"><a href=\"https:\/\/www.linkedin.com\/shareArticle?mini=true&url=https%3A%2F%2Fwww.scheer-imc.com%2Fblog%2Farticle%2Flearning-ecosystem%2F&title=Learning%20Ecosystem%3A%20Integrated%20Enterprise%20Learning\" title=\"Share on LinkedIn\" aria-label=\"Share on LinkedIn\" role=\"button\" rel=\"noopener nofollow\" class=\"shariff-link\" style=\"; background-color:#0077b5; color:#fff\" target=\"_blank\"><span class=\"shariff-icon\" style=\"\"><svg width=\"32px\" height=\"20px\" xmlns=\"http:\/\/www.w3.org\/2000\/svg\" viewBox=\"0 0 27 32\"><path fill=\"#0077b5\" d=\"M6.2 11.2v17.7h-5.9v-17.7h5.9zM6.6 5.7q0 1.3-0.9 2.2t-2.4 0.9h0q-1.5 0-2.4-0.9t-0.9-2.2 0.9-2.2 2.4-0.9 2.4 0.9 0.9 2.2zM27.4 18.7v10.1h-5.9v-9.5q0-1.9-0.7-2.9t-2.3-1.1q-1.1 0-1.9 0.6t-1.2 1.5q-0.2 0.5-0.2 1.4v9.9h-5.9q0-7.1 0-11.6t0-5.3l0-0.9h5.9v2.6h0q0.4-0.6 0.7-1t1-0.9 1.6-0.8 2-0.3q3 0 4.9 2t1.9 6z\"\/><\/svg><\/span><span class=\"shariff-text\">share<\/span>&nbsp;<\/a><\/li><li class=\"shariff-button twitter shariff-nocustomcolor\" style=\"background-color:#32bbf5\"><a href=\"https:\/\/twitter.com\/share?url=https%3A%2F%2Fwww.scheer-imc.com%2Fblog%2Farticle%2Flearning-ecosystem%2F&text=Learning%20Ecosystem%3A%20Integrated%20Enterprise%20Learning\" title=\"Share on Twitter\" aria-label=\"Share on Twitter\" role=\"button\" rel=\"noopener nofollow\" class=\"shariff-link\" style=\"; background-color:#55acee; color:#fff\" target=\"_blank\"><span class=\"shariff-icon\" style=\"\"><svg width=\"32px\" height=\"20px\" xmlns=\"http:\/\/www.w3.org\/2000\/svg\" viewBox=\"0 0 30 32\"><path fill=\"#55acee\" d=\"M29.7 6.8q-1.2 1.8-3 3.1 0 0.3 0 0.8 0 2.5-0.7 4.9t-2.2 4.7-3.5 4-4.9 2.8-6.1 1q-5.1 0-9.3-2.7 0.6 0.1 1.5 0.1 4.3 0 7.6-2.6-2-0.1-3.5-1.2t-2.2-3q0.6 0.1 1.1 0.1 0.8 0 1.6-0.2-2.1-0.4-3.5-2.1t-1.4-3.9v-0.1q1.3 0.7 2.8 0.8-1.2-0.8-2-2.2t-0.7-2.9q0-1.7 0.8-3.1 2.3 2.8 5.5 4.5t7 1.9q-0.2-0.7-0.2-1.4 0-2.5 1.8-4.3t4.3-1.8q2.7 0 4.5 1.9 2.1-0.4 3.9-1.5-0.7 2.2-2.7 3.4 1.8-0.2 3.5-0.9z\"\/><\/svg><\/span><span class=\"shariff-text\">tweet<\/span>&nbsp;<\/a><\/li><li class=\"shariff-button facebook shariff-nocustomcolor\" style=\"background-color:#4273c8\"><a href=\"https:\/\/www.facebook.com\/sharer\/sharer.php?u=https%3A%2F%2Fwww.scheer-imc.com%2Fblog%2Farticle%2Flearning-ecosystem%2F\" title=\"Share on Facebook\" aria-label=\"Share on Facebook\" role=\"button\" rel=\"nofollow\" class=\"shariff-link\" style=\"; background-color:#3b5998; color:#fff\" target=\"_blank\"><span class=\"shariff-icon\" style=\"\"><svg width=\"32px\" height=\"20px\" xmlns=\"http:\/\/www.w3.org\/2000\/svg\" viewBox=\"0 0 18 32\"><path fill=\"#3b5998\" d=\"M17.1 0.2v4.7h-2.8q-1.5 0-2.1 0.6t-0.5 1.9v3.4h5.2l-0.7 5.3h-4.5v13.6h-5.5v-13.6h-4.5v-5.3h4.5v-3.9q0-3.3 1.9-5.2t5-1.8q2.6 0 4.1 0.2z\"\/><\/svg><\/span><span class=\"shariff-text\">share<\/span>&nbsp;<\/a><\/li><li class=\"shariff-button xing shariff-nocustomcolor\" style=\"background-color:#29888a\"><a href=\"https:\/\/www.xing.com\/spi\/shares\/new?url=https%3A%2F%2Fwww.scheer-imc.com%2Fblog%2Farticle%2Flearning-ecosystem%2F\" title=\"Share on XING\" aria-label=\"Share on XING\" role=\"button\" rel=\"noopener nofollow\" class=\"shariff-link\" style=\"; background-color:#126567; color:#fff\" target=\"_blank\"><span class=\"shariff-icon\" style=\"\"><svg width=\"32px\" height=\"20px\" xmlns=\"http:\/\/www.w3.org\/2000\/svg\" viewBox=\"0 0 25 32\"><path fill=\"#126567\" d=\"M10.7 11.9q-0.2 0.3-4.6 8.2-0.5 0.8-1.2 0.8h-4.3q-0.4 0-0.5-0.3t0-0.6l4.5-8q0 0 0 0l-2.9-5q-0.2-0.4 0-0.7 0.2-0.3 0.5-0.3h4.3q0.7 0 1.2 0.8zM25.1 0.4q0.2 0.3 0 0.7l-9.4 16.7 6 11q0.2 0.4 0 0.6-0.2 0.3-0.6 0.3h-4.3q-0.7 0-1.2-0.8l-6-11.1q0.3-0.6 9.5-16.8 0.4-0.8 1.2-0.8h4.3q0.4 0 0.5 0.3z\"\/><\/svg><\/span><span class=\"shariff-text\">share<\/span>&nbsp;<\/a><\/li><\/ul><\/div>        <\/div>\n    <\/div>\n        <div class=\"article\">\n        <div class=\"article__thumbnail\">\n            <img decoding=\"async\" src=\"https:\/\/www.scheer-imc.com\/wp-content\/uploads\/2023\/05\/imc-studios-hero-01.jpg\">\n        <\/div>\n        <div class=\"article__details magazine-tag\">\n                            <span class=\"article__theme\">Miscellaneous<\/span>\n                <span class=\"article__seperator\">\u00b7<\/span>\n                            <span class=\"article__date\">25.05.2023<\/span>\n                                            <span class=\"article__readingtime\">Reading time 3 min.<\/span>\n                        <\/div>\n        <a href=\"https:\/\/www.scheer-imc.com\/blog\/article\/ten-ways-to-keep-corporate-learning-engaging\/\" title=\"10 Ways to Keep Corporate Learning Engaging\" target=\"_self\">\n            <div class=\"article__title magazine-h3\">10 Ways to Keep Corporate Learning Engaging<\/div>\n        <\/a>\n        <div class=\"article__share\">\n                        <div class=\"shariff\"><ul class=\"shariff-buttons theme-default orientation-horizontal buttonsize-medium\"><li class=\"shariff-button linkedin shariff-nocustomcolor\" style=\"background-color:#1488bf\"><a href=\"https:\/\/www.linkedin.com\/shareArticle?mini=true&url=https%3A%2F%2Fwww.scheer-imc.com%2Fblog%2Farticle%2Ften-ways-to-keep-corporate-learning-engaging%2F&title=10%20Ways%20to%20Keep%20Corporate%20Learning%20Engaging\" title=\"Share on LinkedIn\" aria-label=\"Share on LinkedIn\" role=\"button\" rel=\"noopener nofollow\" class=\"shariff-link\" style=\"; background-color:#0077b5; color:#fff\" target=\"_blank\"><span class=\"shariff-icon\" style=\"\"><svg width=\"32px\" height=\"20px\" xmlns=\"http:\/\/www.w3.org\/2000\/svg\" viewBox=\"0 0 27 32\"><path fill=\"#0077b5\" d=\"M6.2 11.2v17.7h-5.9v-17.7h5.9zM6.6 5.7q0 1.3-0.9 2.2t-2.4 0.9h0q-1.5 0-2.4-0.9t-0.9-2.2 0.9-2.2 2.4-0.9 2.4 0.9 0.9 2.2zM27.4 18.7v10.1h-5.9v-9.5q0-1.9-0.7-2.9t-2.3-1.1q-1.1 0-1.9 0.6t-1.2 1.5q-0.2 0.5-0.2 1.4v9.9h-5.9q0-7.1 0-11.6t0-5.3l0-0.9h5.9v2.6h0q0.4-0.6 0.7-1t1-0.9 1.6-0.8 2-0.3q3 0 4.9 2t1.9 6z\"\/><\/svg><\/span><span class=\"shariff-text\">share<\/span>&nbsp;<\/a><\/li><li class=\"shariff-button twitter shariff-nocustomcolor\" style=\"background-color:#32bbf5\"><a href=\"https:\/\/twitter.com\/share?url=https%3A%2F%2Fwww.scheer-imc.com%2Fblog%2Farticle%2Ften-ways-to-keep-corporate-learning-engaging%2F&text=10%20Ways%20to%20Keep%20Corporate%20Learning%20Engaging\" title=\"Share on Twitter\" aria-label=\"Share on Twitter\" role=\"button\" rel=\"noopener nofollow\" class=\"shariff-link\" style=\"; background-color:#55acee; color:#fff\" target=\"_blank\"><span class=\"shariff-icon\" style=\"\"><svg width=\"32px\" height=\"20px\" xmlns=\"http:\/\/www.w3.org\/2000\/svg\" viewBox=\"0 0 30 32\"><path fill=\"#55acee\" d=\"M29.7 6.8q-1.2 1.8-3 3.1 0 0.3 0 0.8 0 2.5-0.7 4.9t-2.2 4.7-3.5 4-4.9 2.8-6.1 1q-5.1 0-9.3-2.7 0.6 0.1 1.5 0.1 4.3 0 7.6-2.6-2-0.1-3.5-1.2t-2.2-3q0.6 0.1 1.1 0.1 0.8 0 1.6-0.2-2.1-0.4-3.5-2.1t-1.4-3.9v-0.1q1.3 0.7 2.8 0.8-1.2-0.8-2-2.2t-0.7-2.9q0-1.7 0.8-3.1 2.3 2.8 5.5 4.5t7 1.9q-0.2-0.7-0.2-1.4 0-2.5 1.8-4.3t4.3-1.8q2.7 0 4.5 1.9 2.1-0.4 3.9-1.5-0.7 2.2-2.7 3.4 1.8-0.2 3.5-0.9z\"\/><\/svg><\/span><span class=\"shariff-text\">tweet<\/span>&nbsp;<\/a><\/li><li class=\"shariff-button facebook shariff-nocustomcolor\" style=\"background-color:#4273c8\"><a href=\"https:\/\/www.facebook.com\/sharer\/sharer.php?u=https%3A%2F%2Fwww.scheer-imc.com%2Fblog%2Farticle%2Ften-ways-to-keep-corporate-learning-engaging%2F\" title=\"Share on Facebook\" aria-label=\"Share on Facebook\" role=\"button\" rel=\"nofollow\" class=\"shariff-link\" style=\"; background-color:#3b5998; color:#fff\" target=\"_blank\"><span class=\"shariff-icon\" style=\"\"><svg width=\"32px\" height=\"20px\" xmlns=\"http:\/\/www.w3.org\/2000\/svg\" viewBox=\"0 0 18 32\"><path fill=\"#3b5998\" d=\"M17.1 0.2v4.7h-2.8q-1.5 0-2.1 0.6t-0.5 1.9v3.4h5.2l-0.7 5.3h-4.5v13.6h-5.5v-13.6h-4.5v-5.3h4.5v-3.9q0-3.3 1.9-5.2t5-1.8q2.6 0 4.1 0.2z\"\/><\/svg><\/span><span class=\"shariff-text\">share<\/span>&nbsp;<\/a><\/li><li class=\"shariff-button xing shariff-nocustomcolor\" style=\"background-color:#29888a\"><a href=\"https:\/\/www.xing.com\/spi\/shares\/new?url=https%3A%2F%2Fwww.scheer-imc.com%2Fblog%2Farticle%2Ften-ways-to-keep-corporate-learning-engaging%2F\" title=\"Share on XING\" aria-label=\"Share on XING\" role=\"button\" rel=\"noopener nofollow\" class=\"shariff-link\" style=\"; background-color:#126567; color:#fff\" target=\"_blank\"><span class=\"shariff-icon\" style=\"\"><svg width=\"32px\" height=\"20px\" xmlns=\"http:\/\/www.w3.org\/2000\/svg\" viewBox=\"0 0 25 32\"><path fill=\"#126567\" d=\"M10.7 11.9q-0.2 0.3-4.6 8.2-0.5 0.8-1.2 0.8h-4.3q-0.4 0-0.5-0.3t0-0.6l4.5-8q0 0 0 0l-2.9-5q-0.2-0.4 0-0.7 0.2-0.3 0.5-0.3h4.3q0.7 0 1.2 0.8zM25.1 0.4q0.2 0.3 0 0.7l-9.4 16.7 6 11q0.2 0.4 0 0.6-0.2 0.3-0.6 0.3h-4.3q-0.7 0-1.2-0.8l-6-11.1q0.3-0.6 9.5-16.8 0.4-0.8 1.2-0.8h4.3q0.4 0 0.5 0.3z\"\/><\/svg><\/span><span class=\"shariff-text\">share<\/span>&nbsp;<\/a><\/li><\/ul><\/div>        <\/div>\n    <\/div>\n        <div class=\"article\">\n        <div class=\"article__thumbnail\">\n            <img decoding=\"async\" src=\"https:\/\/www.scheer-imc.com\/wp-content\/uploads\/2024\/06\/imc_image_featured_ai_language_2024.jpg\">\n        <\/div>\n        <div class=\"article__details magazine-tag\">\n                        <span class=\"article__date\">27.06.2024<\/span>\n                                            <span class=\"article__readingtime\">Reading time 5 min.<\/span>\n                        <\/div>\n        <a href=\"https:\/\/www.scheer-imc.com\/blog\/article\/ai-in-multilingual-training-strategies-and-insights\/\" title=\"AI in Multilingual Training: Strategies and Insights\" target=\"_self\">\n            <div class=\"article__title magazine-h3\">AI in Multilingual Training: Strategies and Insights<\/div>\n        <\/a>\n        <div class=\"article__share\">\n                        <div class=\"shariff\"><ul class=\"shariff-buttons theme-default orientation-horizontal buttonsize-medium\"><li class=\"shariff-button linkedin shariff-nocustomcolor\" style=\"background-color:#1488bf\"><a href=\"https:\/\/www.linkedin.com\/shareArticle?mini=true&url=https%3A%2F%2Fwww.scheer-imc.com%2Fblog%2Farticle%2Fai-in-multilingual-training-strategies-and-insights%2F&title=AI%20in%20Multilingual%20Training%3A%20Strategies%20and%20Insights\" title=\"Share on LinkedIn\" aria-label=\"Share on LinkedIn\" role=\"button\" rel=\"noopener nofollow\" class=\"shariff-link\" style=\"; background-color:#0077b5; color:#fff\" target=\"_blank\"><span class=\"shariff-icon\" style=\"\"><svg width=\"32px\" height=\"20px\" xmlns=\"http:\/\/www.w3.org\/2000\/svg\" viewBox=\"0 0 27 32\"><path fill=\"#0077b5\" d=\"M6.2 11.2v17.7h-5.9v-17.7h5.9zM6.6 5.7q0 1.3-0.9 2.2t-2.4 0.9h0q-1.5 0-2.4-0.9t-0.9-2.2 0.9-2.2 2.4-0.9 2.4 0.9 0.9 2.2zM27.4 18.7v10.1h-5.9v-9.5q0-1.9-0.7-2.9t-2.3-1.1q-1.1 0-1.9 0.6t-1.2 1.5q-0.2 0.5-0.2 1.4v9.9h-5.9q0-7.1 0-11.6t0-5.3l0-0.9h5.9v2.6h0q0.4-0.6 0.7-1t1-0.9 1.6-0.8 2-0.3q3 0 4.9 2t1.9 6z\"\/><\/svg><\/span><span class=\"shariff-text\">share<\/span>&nbsp;<\/a><\/li><li class=\"shariff-button twitter shariff-nocustomcolor\" style=\"background-color:#32bbf5\"><a href=\"https:\/\/twitter.com\/share?url=https%3A%2F%2Fwww.scheer-imc.com%2Fblog%2Farticle%2Fai-in-multilingual-training-strategies-and-insights%2F&text=AI%20in%20Multilingual%20Training%3A%20Strategies%20and%20Insights\" title=\"Share on Twitter\" aria-label=\"Share on Twitter\" role=\"button\" rel=\"noopener nofollow\" class=\"shariff-link\" style=\"; background-color:#55acee; color:#fff\" target=\"_blank\"><span class=\"shariff-icon\" style=\"\"><svg width=\"32px\" height=\"20px\" xmlns=\"http:\/\/www.w3.org\/2000\/svg\" viewBox=\"0 0 30 32\"><path fill=\"#55acee\" d=\"M29.7 6.8q-1.2 1.8-3 3.1 0 0.3 0 0.8 0 2.5-0.7 4.9t-2.2 4.7-3.5 4-4.9 2.8-6.1 1q-5.1 0-9.3-2.7 0.6 0.1 1.5 0.1 4.3 0 7.6-2.6-2-0.1-3.5-1.2t-2.2-3q0.6 0.1 1.1 0.1 0.8 0 1.6-0.2-2.1-0.4-3.5-2.1t-1.4-3.9v-0.1q1.3 0.7 2.8 0.8-1.2-0.8-2-2.2t-0.7-2.9q0-1.7 0.8-3.1 2.3 2.8 5.5 4.5t7 1.9q-0.2-0.7-0.2-1.4 0-2.5 1.8-4.3t4.3-1.8q2.7 0 4.5 1.9 2.1-0.4 3.9-1.5-0.7 2.2-2.7 3.4 1.8-0.2 3.5-0.9z\"\/><\/svg><\/span><span class=\"shariff-text\">tweet<\/span>&nbsp;<\/a><\/li><li class=\"shariff-button facebook shariff-nocustomcolor\" style=\"background-color:#4273c8\"><a href=\"https:\/\/www.facebook.com\/sharer\/sharer.php?u=https%3A%2F%2Fwww.scheer-imc.com%2Fblog%2Farticle%2Fai-in-multilingual-training-strategies-and-insights%2F\" title=\"Share on Facebook\" aria-label=\"Share on Facebook\" role=\"button\" rel=\"nofollow\" class=\"shariff-link\" style=\"; background-color:#3b5998; color:#fff\" target=\"_blank\"><span class=\"shariff-icon\" style=\"\"><svg width=\"32px\" height=\"20px\" xmlns=\"http:\/\/www.w3.org\/2000\/svg\" viewBox=\"0 0 18 32\"><path fill=\"#3b5998\" d=\"M17.1 0.2v4.7h-2.8q-1.5 0-2.1 0.6t-0.5 1.9v3.4h5.2l-0.7 5.3h-4.5v13.6h-5.5v-13.6h-4.5v-5.3h4.5v-3.9q0-3.3 1.9-5.2t5-1.8q2.6 0 4.1 0.2z\"\/><\/svg><\/span><span class=\"shariff-text\">share<\/span>&nbsp;<\/a><\/li><li class=\"shariff-button xing shariff-nocustomcolor\" style=\"background-color:#29888a\"><a href=\"https:\/\/www.xing.com\/spi\/shares\/new?url=https%3A%2F%2Fwww.scheer-imc.com%2Fblog%2Farticle%2Fai-in-multilingual-training-strategies-and-insights%2F\" title=\"Share on XING\" aria-label=\"Share on XING\" role=\"button\" rel=\"noopener nofollow\" class=\"shariff-link\" style=\"; background-color:#126567; color:#fff\" target=\"_blank\"><span class=\"shariff-icon\" style=\"\"><svg width=\"32px\" height=\"20px\" xmlns=\"http:\/\/www.w3.org\/2000\/svg\" viewBox=\"0 0 25 32\"><path fill=\"#126567\" d=\"M10.7 11.9q-0.2 0.3-4.6 8.2-0.5 0.8-1.2 0.8h-4.3q-0.4 0-0.5-0.3t0-0.6l4.5-8q0 0 0 0l-2.9-5q-0.2-0.4 0-0.7 0.2-0.3 0.5-0.3h4.3q0.7 0 1.2 0.8zM25.1 0.4q0.2 0.3 0 0.7l-9.4 16.7 6 11q0.2 0.4 0 0.6-0.2 0.3-0.6 0.3h-4.3q-0.7 0-1.2-0.8l-6-11.1q0.3-0.6 9.5-16.8 0.4-0.8 1.2-0.8h4.3q0.4 0 0.5 0.3z\"\/><\/svg><\/span><span class=\"shariff-text\">share<\/span>&nbsp;<\/a><\/li><\/ul><\/div>        <\/div>\n    <\/div>\n        <div class=\"article\">\n        <div class=\"article__thumbnail\">\n            <img decoding=\"async\" src=\"https:\/\/www.scheer-imc.com\/wp-content\/uploads\/2020\/06\/imc_image_migration_thumbnail_v1_2020_06_22.jpg\">\n        <\/div>\n        <div class=\"article__details magazine-tag\">\n                            <span class=\"article__theme\">LMS Hot Topics<\/span>\n                <span class=\"article__seperator\">\u00b7<\/span>\n                            <span class=\"article__date\">30.06.2020<\/span>\n                    <\/div>\n        <a href=\"https:\/\/www.scheer-imc.com\/blog\/article\/lms-hot-topics-lms-migration\/\" title=\"How To: LMS Migration\" target=\"_self\">\n            <div class=\"article__title magazine-h3\">How To: LMS Migration<\/div>\n        <\/a>\n        <div class=\"article__share\">\n                        <div class=\"shariff\"><ul class=\"shariff-buttons theme-default orientation-horizontal buttonsize-medium\"><li class=\"shariff-button linkedin shariff-nocustomcolor\" style=\"background-color:#1488bf\"><a href=\"https:\/\/www.linkedin.com\/shareArticle?mini=true&url=https%3A%2F%2Fwww.scheer-imc.com%2Fblog%2Farticle%2Flms-hot-topics-lms-migration%2F&title=How%20To%3A%20LMS%20Migration\" title=\"Share on LinkedIn\" aria-label=\"Share on LinkedIn\" role=\"button\" rel=\"noopener nofollow\" class=\"shariff-link\" style=\"; background-color:#0077b5; color:#fff\" target=\"_blank\"><span class=\"shariff-icon\" style=\"\"><svg width=\"32px\" height=\"20px\" xmlns=\"http:\/\/www.w3.org\/2000\/svg\" viewBox=\"0 0 27 32\"><path fill=\"#0077b5\" d=\"M6.2 11.2v17.7h-5.9v-17.7h5.9zM6.6 5.7q0 1.3-0.9 2.2t-2.4 0.9h0q-1.5 0-2.4-0.9t-0.9-2.2 0.9-2.2 2.4-0.9 2.4 0.9 0.9 2.2zM27.4 18.7v10.1h-5.9v-9.5q0-1.9-0.7-2.9t-2.3-1.1q-1.1 0-1.9 0.6t-1.2 1.5q-0.2 0.5-0.2 1.4v9.9h-5.9q0-7.1 0-11.6t0-5.3l0-0.9h5.9v2.6h0q0.4-0.6 0.7-1t1-0.9 1.6-0.8 2-0.3q3 0 4.9 2t1.9 6z\"\/><\/svg><\/span><span class=\"shariff-text\">share<\/span>&nbsp;<\/a><\/li><li class=\"shariff-button twitter shariff-nocustomcolor\" style=\"background-color:#32bbf5\"><a href=\"https:\/\/twitter.com\/share?url=https%3A%2F%2Fwww.scheer-imc.com%2Fblog%2Farticle%2Flms-hot-topics-lms-migration%2F&text=How%20To%3A%20LMS%20Migration\" title=\"Share on Twitter\" aria-label=\"Share on Twitter\" role=\"button\" rel=\"noopener nofollow\" class=\"shariff-link\" style=\"; background-color:#55acee; color:#fff\" target=\"_blank\"><span class=\"shariff-icon\" style=\"\"><svg width=\"32px\" height=\"20px\" xmlns=\"http:\/\/www.w3.org\/2000\/svg\" viewBox=\"0 0 30 32\"><path fill=\"#55acee\" d=\"M29.7 6.8q-1.2 1.8-3 3.1 0 0.3 0 0.8 0 2.5-0.7 4.9t-2.2 4.7-3.5 4-4.9 2.8-6.1 1q-5.1 0-9.3-2.7 0.6 0.1 1.5 0.1 4.3 0 7.6-2.6-2-0.1-3.5-1.2t-2.2-3q0.6 0.1 1.1 0.1 0.8 0 1.6-0.2-2.1-0.4-3.5-2.1t-1.4-3.9v-0.1q1.3 0.7 2.8 0.8-1.2-0.8-2-2.2t-0.7-2.9q0-1.7 0.8-3.1 2.3 2.8 5.5 4.5t7 1.9q-0.2-0.7-0.2-1.4 0-2.5 1.8-4.3t4.3-1.8q2.7 0 4.5 1.9 2.1-0.4 3.9-1.5-0.7 2.2-2.7 3.4 1.8-0.2 3.5-0.9z\"\/><\/svg><\/span><span class=\"shariff-text\">tweet<\/span>&nbsp;<\/a><\/li><li class=\"shariff-button facebook shariff-nocustomcolor\" style=\"background-color:#4273c8\"><a href=\"https:\/\/www.facebook.com\/sharer\/sharer.php?u=https%3A%2F%2Fwww.scheer-imc.com%2Fblog%2Farticle%2Flms-hot-topics-lms-migration%2F\" title=\"Share on Facebook\" aria-label=\"Share on Facebook\" role=\"button\" rel=\"nofollow\" class=\"shariff-link\" style=\"; background-color:#3b5998; color:#fff\" target=\"_blank\"><span class=\"shariff-icon\" style=\"\"><svg width=\"32px\" height=\"20px\" xmlns=\"http:\/\/www.w3.org\/2000\/svg\" viewBox=\"0 0 18 32\"><path fill=\"#3b5998\" d=\"M17.1 0.2v4.7h-2.8q-1.5 0-2.1 0.6t-0.5 1.9v3.4h5.2l-0.7 5.3h-4.5v13.6h-5.5v-13.6h-4.5v-5.3h4.5v-3.9q0-3.3 1.9-5.2t5-1.8q2.6 0 4.1 0.2z\"\/><\/svg><\/span><span class=\"shariff-text\">share<\/span>&nbsp;<\/a><\/li><li class=\"shariff-button xing shariff-nocustomcolor\" style=\"background-color:#29888a\"><a href=\"https:\/\/www.xing.com\/spi\/shares\/new?url=https%3A%2F%2Fwww.scheer-imc.com%2Fblog%2Farticle%2Flms-hot-topics-lms-migration%2F\" title=\"Share on XING\" aria-label=\"Share on XING\" role=\"button\" rel=\"noopener nofollow\" class=\"shariff-link\" style=\"; background-color:#126567; color:#fff\" target=\"_blank\"><span class=\"shariff-icon\" style=\"\"><svg width=\"32px\" height=\"20px\" xmlns=\"http:\/\/www.w3.org\/2000\/svg\" viewBox=\"0 0 25 32\"><path fill=\"#126567\" d=\"M10.7 11.9q-0.2 0.3-4.6 8.2-0.5 0.8-1.2 0.8h-4.3q-0.4 0-0.5-0.3t0-0.6l4.5-8q0 0 0 0l-2.9-5q-0.2-0.4 0-0.7 0.2-0.3 0.5-0.3h4.3q0.7 0 1.2 0.8zM25.1 0.4q0.2 0.3 0 0.7l-9.4 16.7 6 11q0.2 0.4 0 0.6-0.2 0.3-0.6 0.3h-4.3q-0.7 0-1.2-0.8l-6-11.1q0.3-0.6 9.5-16.8 0.4-0.8 1.2-0.8h4.3q0.4 0 0.5 0.3z\"\/><\/svg><\/span><span class=\"shariff-text\">share<\/span>&nbsp;<\/a><\/li><\/ul><\/div>        <\/div>\n    <\/div>\n    <\/div>\n<\/div><\/div><\/div><div id=\"pgc-14734-3-2\"  class=\"panel-grid-cell panel-grid-cell-empty\" ><\/div><\/div><div id=\"pg-14734-4\"  class=\"panel-grid panel-no-style\"  style=\"--mobile-padding:;\" ><div id=\"pgc-14734-4-0\"  class=\"panel-grid-cell\" ><div id=\"panel-14734-4-0-0\" class=\"so-panel widget widget_zrm-headlinemagazine panel-first-child panel-last-child\" data-index=\"6\" ><div\n\t\t\t\n\t\t\tclass=\"so-widget-zrm-headlinemagazine so-widget-zrm-headlinemagazine-default-d75171398898-14734\"\n\t\t\t\n\t\t><div class=\"widget widget--headline-magazine lg\">\n\t<h2 class=\"magazine-h1\"><span>eLearning Podcast<\/span><\/h2><\/div>\n<\/div><\/div><\/div><\/div><div id=\"pg-14734-5\"  class=\"panel-grid panel-no-style\"  style=\"--mobile-padding:;\" ><div id=\"pgc-14734-5-0\"  class=\"panel-grid-cell panel-grid-cell-empty\" ><\/div><div id=\"pgc-14734-5-1\"  class=\"panel-grid-cell panel-grid-cell-mobile-last\" ><div id=\"panel-14734-5-1-0\" class=\"so-panel widget widget_zrm-podcast panel-first-child panel-last-child\" data-index=\"7\" ><div\n\t\t\t\n\t\t\tclass=\"so-widget-zrm-podcast so-widget-zrm-podcast-default-d75171398898-14734\"\n\t\t\t\n\t\t><div class=\"widget widget--podcast lg\">\n    <div class=\"podcast-trailer\">\n        <div class=\"podcast-trailer__text\">\n            <div class=\"podcast-trailer__textholder\">\n                <div class=\"podcast-trailer__headline magazine-h1\"><span>The Learning Curve with Kenny<\/span><\/div>\n                <div class=\"podcast-trailer__copy magazine-h4\">The industry podcast for all things enterprise training<\/div>\n            <\/div>\n            <div class=\"podcast-trailer__links\">\n                <div class=\"podcast-trailer__cta magazine-tag\">\n                    <span>All Episodes<\/span>\n                    <!--<img decoding=\"async\" src=\"\" \/>-->\n                <\/div>\n                <div class=\"podcast-trailer__podcasts magazine-tag\">\n                    <a href=\"https:\/\/podcasts.apple.com\/ie\/podcast\/the-learning-curve-with-kenny\/id1513907333\" title=\"Apple Music\" class=\"podcast-trailer__link\" target=\"_blank\">\n                        <svg xmlns=\"http:\/\/www.w3.org\/2000\/svg\" width=\"41.458\" height=\"41.458\" viewBox=\"0 0 41.458 41.458\"><path d=\"M41.453,10.58a16.007,16.007,0,0,0-.415-3.785A8.49,8.49,0,0,0,37.272,1.54,8.631,8.631,0,0,0,34.031.283a18.3,18.3,0,0,0-2.7-.26c-.071,0-.144-.013-.215-.021H10.342L9.557.046A12.032,12.032,0,0,0,5.77.74,8.629,8.629,0,0,0,.817,5.54,9.764,9.764,0,0,0,.19,7.974a17.531,17.531,0,0,0-.174,2.04c0,.053-.013.106-.018.159V31.29c.015.244.028.488.044.732a11.367,11.367,0,0,0,.859,4.1,8.6,8.6,0,0,0,5.587,4.84,11.378,11.378,0,0,0,2.234.394c.957.091,1.918.106,2.878.106q9.527,0,19.055,0a21.724,21.724,0,0,0,2.712-.171,9.217,9.217,0,0,0,3.966-1.4,8.7,8.7,0,0,0,3.247-3.815,9.519,9.519,0,0,0,.638-2.287,20.951,20.951,0,0,0,.238-3.525q0-9.841,0-19.68m-11.1,6.893q0,4.935,0,9.868a4.666,4.666,0,0,1-.419,2.084,3.653,3.653,0,0,1-2.4,1.969,8.006,8.006,0,0,1-1.847.3,3.23,3.23,0,0,1-1.563-6.144,7.428,7.428,0,0,1,1.759-.56c.653-.141,1.309-.265,1.959-.415a1.071,1.071,0,0,0,.882-.891,1.689,1.689,0,0,0,.031-.334q0-4.7,0-9.4a1.3,1.3,0,0,0-.044-.319.494.494,0,0,0-.525-.4,5.956,5.956,0,0,0-.821.115c-1.313.259-2.625.525-3.937.79q-2.01.4-4.021.812l-2.374.479c-.028.006-.056.015-.082.022a.778.778,0,0,0-.674.846c0,.075,0,.15,0,.226q0,6.741,0,13.483a5.274,5.274,0,0,1-.372,2.119,3.678,3.678,0,0,1-2.478,2.132,7.651,7.651,0,0,1-1.857.3,3.179,3.179,0,0,1-3.315-2.668,3.222,3.222,0,0,1,1.991-3.587,10.3,10.3,0,0,1,1.913-.537c.5-.1.993-.2,1.487-.3a1.2,1.2,0,0,0,1.034-1.234c0-.088,0-.172,0-.26q0-7.67,0-15.342a2.754,2.754,0,0,1,.072-.64,1.2,1.2,0,0,1,.943-.9c.441-.115.89-.194,1.337-.285l3.8-.765,3.925-.793c1.156-.234,2.312-.471,3.471-.7a10.22,10.22,0,0,1,1.147-.182.853.853,0,0,1,.957.832,3.762,3.762,0,0,1,.021.387q0,4.952,0,9.9Z\" transform=\"translate(0.001 -0.002)\" fill=\"#fff\"\/><\/svg>                        Apple Music                    <\/a>\n                    <a href=\"https:\/\/open.spotify.com\/show\/21DtvgOF0tyFbxLKBEeexU\" title=\"Spotify\" class=\"podcast-trailer__link\" target=\"_blank\">\n                        <svg xmlns=\"http:\/\/www.w3.org\/2000\/svg\" width=\"41.459\" height=\"41.458\" viewBox=\"0 0 41.459 41.458\"><path d=\"M24.981,1.277A20.729,20.729,0,1,0,45.711,22.006,20.729,20.729,0,0,0,24.981,1.277Zm9.507,29.9a1.291,1.291,0,0,1-1.776.43c-4.868-2.975-10.995-3.647-18.21-2a1.292,1.292,0,1,1-.575-2.518c7.9-1.805,14.67-1.028,20.133,2.31A1.292,1.292,0,0,1,34.488,31.176Zm2.536-5.644a1.617,1.617,0,0,1-2.223.532c-5.571-3.424-14.065-4.416-20.656-2.416a1.616,1.616,0,1,1-.939-3.092c7.529-2.284,16.888-1.178,23.286,2.754A1.616,1.616,0,0,1,37.024,25.531Zm.219-5.877c-6.682-3.968-17.7-4.333-24.082-2.4a1.939,1.939,0,1,1-1.126-3.711c7.322-2.223,19.494-1.793,27.187,2.773a1.939,1.939,0,0,1-1.979,3.335Z\" transform=\"translate(-4.252 -1.277)\" fill=\"#fff\"\/><\/svg>                        Spotify                    <\/a>\n                                    <\/div>\n            <\/div>\n        <\/div>\n        <div class=\"podcast-trailer__trailer\">\n            <img decoding=\"async\" width=\"1600\" height=\"900\" src=\"https:\/\/www.scheer-imc.com\/wp-content\/uploads\/2023\/06\/imc-podcast-learning-curve-with-kenny-001.jpg\" class=\"attachment-full size-full\" alt=\"Podcast Host Kenny Littlepage\" \/>        <\/div>\n        <div class=\"podcast-trailer__button\">\n            <!--<img decoding=\"async\" src=\"\" \/>\n            <img decoding=\"async\" src=\"\" \/>-->\n            <div class=\"play-icon\"><\/div>\n            <span>Trailer anh\u00f6ren<\/span>\n            <audio id=\"js-podcast-audio\">\n                <source src=\"https:\/\/www.scheer-imc.com\/wp-content\/uploads\/2023\/11\/Learning-Curve_04_William.mp3\" type=\"audio\/mp3\"\/>\n            <\/audio>\n        <\/div>\n    <\/div>\n    <div class=\"podcasts\">\n        <div class=\"podcasts--newest\">\n                                <div class=\"podcast\">\n                        <div class=\"podcast__thumnbail\">\n                            <img decoding=\"async\" src=\"https:\/\/www.scheer-imc.com\/wp-content\/uploads\/2025\/06\/Season1_Cover-v2-1024x1024.jpg\"\/>\n                        <\/div>\n                        <div class=\"podcast__content\">\n                            <div class=\"podcast__text\">\n                                <div class=\"podcast__details magazine-tag\">\n                                                                        <span class=\"podcast__date\">26.06.2025<\/span>\n                                <\/div>\n                                <div class=\"podcast__title magazine-h5\">\n                                    Season 1 | Episode 4: How Peer-to-Peer Learning Can Transform LnD                                <\/div>\n                            <\/div>\n                            <div class=\"podcast__link\">\n                                <a href=\"https:\/\/www.scheer-imc.com\/mediacenter\/podcast\/season-1-episode-4-how-peer-to-peer-learning-can-transform-lnd\/\" target=\"_self\">\n                                    <img decoding=\"async\" src=\"https:\/\/www.scheer-imc.com\/wp-content\/themes\/imc\/_assets\/svg\/podcast_link.svg\"\/>\n                                <\/a>\n                            <\/div>\n                        <\/div>\n                    <\/div>\n                            <\/div>\n        <div class=\"podcasts--older\">\n                                <div class=\"podcast\">\n                        <div class=\"podcast__content\">\n                            <div class=\"podcast__text\">\n                                <div class=\"podcast__details magazine-tag\">\n                                                                        <span class=\"podcast__date\">26.06.2025<\/span>\n                                <\/div>\n                                <div class=\"podcast__title magazine-h5\">\n                                    Season 1 | Episode 3: Is Leadership in Crisis in the Digital Age?                                <\/div>\n                            <\/div>\n                            <div class=\"podcast__link\">\n                                <a href=\"https:\/\/www.scheer-imc.com\/mediacenter\/podcast\/season-1-episode-3-is-leadership-in-crisis-in-the-digital-age\/\" target=\"_self\">\n                                    <img decoding=\"async\" src=\"https:\/\/www.scheer-imc.com\/wp-content\/themes\/imc\/_assets\/svg\/podcast_link.svg\"\/>\n                                <\/a>\n                            <\/div>\n                        <\/div>\n                    <\/div>\n                                        <div class=\"podcast\">\n                        <div class=\"podcast__content\">\n                            <div class=\"podcast__text\">\n                                <div class=\"podcast__details magazine-tag\">\n                                                                        <span class=\"podcast__date\">26.06.2025<\/span>\n                                <\/div>\n                                <div class=\"podcast__title magazine-h5\">\n                                    Season 1 | Episode 2: Why and How L&D Can Adopt a Marketing Mindset                                <\/div>\n                            <\/div>\n                            <div class=\"podcast__link\">\n                                <a href=\"https:\/\/www.scheer-imc.com\/mediacenter\/podcast\/season-1-episode-2-why-and-how-ld-can-adopt-a-marketing-mindset\/\" target=\"_self\">\n                                    <img decoding=\"async\" src=\"https:\/\/www.scheer-imc.com\/wp-content\/themes\/imc\/_assets\/svg\/podcast_link.svg\"\/>\n                                <\/a>\n                            <\/div>\n                        <\/div>\n                    <\/div>\n                                        <div class=\"podcast\">\n                        <div class=\"podcast__content\">\n                            <div class=\"podcast__text\">\n                                <div class=\"podcast__details magazine-tag\">\n                                                                        <span class=\"podcast__date\">26.06.2025<\/span>\n                                <\/div>\n                                <div class=\"podcast__title magazine-h5\">\n                                    Season 1 | Episode 1: Exploring Storytelling in LnD                                <\/div>\n                            <\/div>\n                            <div class=\"podcast__link\">\n                                <a href=\"https:\/\/www.scheer-imc.com\/mediacenter\/podcast\/season-1-episode-1-exploring-storytelling-in-lnd\/\" target=\"_self\">\n                                    <img decoding=\"async\" src=\"https:\/\/www.scheer-imc.com\/wp-content\/themes\/imc\/_assets\/svg\/podcast_link.svg\"\/>\n                                <\/a>\n                            <\/div>\n                        <\/div>\n                    <\/div>\n                                        <div class=\"podcast\">\n                        <div class=\"podcast__content\">\n                            <div class=\"podcast__text\">\n                                <div class=\"podcast__details magazine-tag\">\n                                                                        <span class=\"podcast__date\">28.11.2024<\/span>\n                                <\/div>\n                                <div class=\"podcast__title magazine-h5\">\n                                    #12: Onboarding New Talent: From University to Industry                                <\/div>\n                            <\/div>\n                            <div class=\"podcast__link\">\n                                <a href=\"https:\/\/www.scheer-imc.com\/mediacenter\/podcast\/12-onboarding-new-talent-from-university-to-industry\/\" target=\"_self\">\n                                    <img decoding=\"async\" src=\"https:\/\/www.scheer-imc.com\/wp-content\/themes\/imc\/_assets\/svg\/podcast_link.svg\"\/>\n                                <\/a>\n                            <\/div>\n                        <\/div>\n                    <\/div>\n                            <\/div>\n    <\/div>\n    <div class=\"podcast-button\">\n                \t\t\t\t\t\t\t\t\t\t\t\t\t\t<a class=\"button button--red button--normal button--solid\" target=\"_self\" title=\"All episodes\" href=\"https:\/\/www.scheer-imc.com\/elearning-podcast\/\">\n\t\t\t\t<span class=\"bold\">All episodes<\/span>\n\t\t\t<\/a>\n\t\t\t    <\/div>\n<\/div>\n<\/div><\/div><\/div><div id=\"pgc-14734-5-2\"  class=\"panel-grid-cell panel-grid-cell-empty\" ><\/div><\/div><div id=\"pg-14734-6\"  class=\"panel-grid panel-no-style\"  style=\"--mobile-padding:;\" ><div id=\"pgc-14734-6-0\"  class=\"panel-grid-cell\" ><div id=\"panel-14734-6-0-0\" class=\"so-panel widget widget_zrm-headlinemagazine panel-first-child panel-last-child\" data-index=\"8\" ><div\n\t\t\t\n\t\t\tclass=\"so-widget-zrm-headlinemagazine so-widget-zrm-headlinemagazine-default-d75171398898-14734\"\n\t\t\t\n\t\t><div class=\"widget widget--headline-magazine lg\">\n\t<h2 class=\"magazine-h1\"><span>imc Spotlights<\/span><\/h2><\/div>\n<\/div><\/div><\/div><\/div><div id=\"pg-14734-7\"  class=\"panel-grid panel-no-style\"  style=\"--mobile-padding:;\" ><div id=\"pgc-14734-7-0\"  class=\"panel-grid-cell panel-grid-cell-empty\" ><\/div><div id=\"pgc-14734-7-1\"  class=\"panel-grid-cell panel-grid-cell-mobile-last\" ><div id=\"panel-14734-7-1-0\" class=\"so-panel widget widget_zrm-themeworld panel-first-child panel-last-child\" data-index=\"9\" ><div\n\t\t\t\n\t\t\tclass=\"so-widget-zrm-themeworld so-widget-zrm-themeworld-default-d75171398898-14734\"\n\t\t\t\n\t\t><div class=\"widget widget--themeworld lg\">\n    <div class=\"themeworld\">\n        <div class=\"themeworld__title magazine-h3\">\n            <h3>LMS and Learning Experiences<\/h3>\n        <\/div>\n        <div class=\"themeworld__posts\">\n                            <div class=\"themeworld__article article\">\n                    <div class=\"article__thumbnail\">\n                        <img decoding=\"async\" src=\"https:\/\/www.scheer-imc.com\/wp-content\/uploads\/2024\/11\/imc_image_neues-lms_header.png\">\n                    <\/div>\n                    <div class=\"article__body\">\n                        <div class=\"article__details magazine-tag\">\n                                                            <span class=\"article__theme\">LMS Hot Topics<\/span>\n                                <span class=\"article__seperator\">\u00b7<\/span>\n                                                        <span class=\"article__date\">24.01.2025<\/span>\n                                                                                            <span class=\"article__readingtime\">Reading time 5 min.<\/span>\n                                                    <\/div>\n                        <div class=\"article__content\">\n                            <a href=\"https:\/\/www.scheer-imc.com\/blog\/article\/scaling-enterprise-training\/\" title=\"Scaling Enterprise Training\" target=\"_self\">\n                                <div class=\"article__title magazine-h3\">Scaling Enterprise Training<\/div>\n                            <\/a>\n                            <div class=\"article__excerpt magazine-copy\">\n                                Scaling enterprise training for large, global organisations is no small feat. Traditional LMS platforms alone no longer suffice. To meet the complex needs of a modern workforce, enterprises must adopt an integrated, end-to-end learning ecosystem that addresses skills gaps, simplifies content management, and adapts to global diversity.  <a href=\"https:\/\/www.scheer-imc.com\/blog\/article\/scaling-enterprise-training\/\" title=\"Scaling Enterprise Training\">(\u2026) read more<\/a>\n                                                                <\/div>\n                        <\/div>\n                        <div class=\"article__share\">\n                                                        <div class=\"shariff\"><ul class=\"shariff-buttons theme-default orientation-horizontal buttonsize-medium\"><li class=\"shariff-button linkedin shariff-nocustomcolor\" style=\"background-color:#1488bf\"><a href=\"https:\/\/www.linkedin.com\/shareArticle?mini=true&url=https%3A%2F%2Fwww.scheer-imc.com%2Fblog%2Farticle%2Fscaling-enterprise-training%2F&title=Scaling%20Enterprise%20Training\" title=\"Share on LinkedIn\" aria-label=\"Share on LinkedIn\" role=\"button\" rel=\"noopener nofollow\" class=\"shariff-link\" style=\"; background-color:#0077b5; color:#fff\" target=\"_blank\"><span class=\"shariff-icon\" style=\"\"><svg width=\"32px\" height=\"20px\" xmlns=\"http:\/\/www.w3.org\/2000\/svg\" viewBox=\"0 0 27 32\"><path fill=\"#0077b5\" d=\"M6.2 11.2v17.7h-5.9v-17.7h5.9zM6.6 5.7q0 1.3-0.9 2.2t-2.4 0.9h0q-1.5 0-2.4-0.9t-0.9-2.2 0.9-2.2 2.4-0.9 2.4 0.9 0.9 2.2zM27.4 18.7v10.1h-5.9v-9.5q0-1.9-0.7-2.9t-2.3-1.1q-1.1 0-1.9 0.6t-1.2 1.5q-0.2 0.5-0.2 1.4v9.9h-5.9q0-7.1 0-11.6t0-5.3l0-0.9h5.9v2.6h0q0.4-0.6 0.7-1t1-0.9 1.6-0.8 2-0.3q3 0 4.9 2t1.9 6z\"\/><\/svg><\/span><span class=\"shariff-text\">share<\/span>&nbsp;<\/a><\/li><li class=\"shariff-button twitter shariff-nocustomcolor\" style=\"background-color:#32bbf5\"><a href=\"https:\/\/twitter.com\/share?url=https%3A%2F%2Fwww.scheer-imc.com%2Fblog%2Farticle%2Fscaling-enterprise-training%2F&text=Scaling%20Enterprise%20Training\" title=\"Share on Twitter\" aria-label=\"Share on Twitter\" role=\"button\" rel=\"noopener nofollow\" class=\"shariff-link\" style=\"; background-color:#55acee; color:#fff\" target=\"_blank\"><span class=\"shariff-icon\" style=\"\"><svg width=\"32px\" height=\"20px\" xmlns=\"http:\/\/www.w3.org\/2000\/svg\" viewBox=\"0 0 30 32\"><path fill=\"#55acee\" d=\"M29.7 6.8q-1.2 1.8-3 3.1 0 0.3 0 0.8 0 2.5-0.7 4.9t-2.2 4.7-3.5 4-4.9 2.8-6.1 1q-5.1 0-9.3-2.7 0.6 0.1 1.5 0.1 4.3 0 7.6-2.6-2-0.1-3.5-1.2t-2.2-3q0.6 0.1 1.1 0.1 0.8 0 1.6-0.2-2.1-0.4-3.5-2.1t-1.4-3.9v-0.1q1.3 0.7 2.8 0.8-1.2-0.8-2-2.2t-0.7-2.9q0-1.7 0.8-3.1 2.3 2.8 5.5 4.5t7 1.9q-0.2-0.7-0.2-1.4 0-2.5 1.8-4.3t4.3-1.8q2.7 0 4.5 1.9 2.1-0.4 3.9-1.5-0.7 2.2-2.7 3.4 1.8-0.2 3.5-0.9z\"\/><\/svg><\/span><span class=\"shariff-text\">tweet<\/span>&nbsp;<\/a><\/li><li class=\"shariff-button facebook shariff-nocustomcolor\" style=\"background-color:#4273c8\"><a href=\"https:\/\/www.facebook.com\/sharer\/sharer.php?u=https%3A%2F%2Fwww.scheer-imc.com%2Fblog%2Farticle%2Fscaling-enterprise-training%2F\" title=\"Share on Facebook\" aria-label=\"Share on Facebook\" role=\"button\" rel=\"nofollow\" class=\"shariff-link\" style=\"; background-color:#3b5998; color:#fff\" target=\"_blank\"><span class=\"shariff-icon\" style=\"\"><svg width=\"32px\" height=\"20px\" xmlns=\"http:\/\/www.w3.org\/2000\/svg\" viewBox=\"0 0 18 32\"><path fill=\"#3b5998\" d=\"M17.1 0.2v4.7h-2.8q-1.5 0-2.1 0.6t-0.5 1.9v3.4h5.2l-0.7 5.3h-4.5v13.6h-5.5v-13.6h-4.5v-5.3h4.5v-3.9q0-3.3 1.9-5.2t5-1.8q2.6 0 4.1 0.2z\"\/><\/svg><\/span><span class=\"shariff-text\">share<\/span>&nbsp;<\/a><\/li><li class=\"shariff-button xing shariff-nocustomcolor\" style=\"background-color:#29888a\"><a href=\"https:\/\/www.xing.com\/spi\/shares\/new?url=https%3A%2F%2Fwww.scheer-imc.com%2Fblog%2Farticle%2Fscaling-enterprise-training%2F\" title=\"Share on XING\" aria-label=\"Share on XING\" role=\"button\" rel=\"noopener nofollow\" class=\"shariff-link\" style=\"; background-color:#126567; color:#fff\" target=\"_blank\"><span class=\"shariff-icon\" style=\"\"><svg width=\"32px\" height=\"20px\" xmlns=\"http:\/\/www.w3.org\/2000\/svg\" viewBox=\"0 0 25 32\"><path fill=\"#126567\" d=\"M10.7 11.9q-0.2 0.3-4.6 8.2-0.5 0.8-1.2 0.8h-4.3q-0.4 0-0.5-0.3t0-0.6l4.5-8q0 0 0 0l-2.9-5q-0.2-0.4 0-0.7 0.2-0.3 0.5-0.3h4.3q0.7 0 1.2 0.8zM25.1 0.4q0.2 0.3 0 0.7l-9.4 16.7 6 11q0.2 0.4 0 0.6-0.2 0.3-0.6 0.3h-4.3q-0.7 0-1.2-0.8l-6-11.1q0.3-0.6 9.5-16.8 0.4-0.8 1.2-0.8h4.3q0.4 0 0.5 0.3z\"\/><\/svg><\/span><span class=\"shariff-text\">share<\/span>&nbsp;<\/a><\/li><\/ul><\/div>                        <\/div>\n                    <\/div>\n                <\/div>\n                                <div class=\"themeworld__article article\">\n                    <div class=\"article__thumbnail\">\n                        <img decoding=\"async\" src=\"https:\/\/www.scheer-imc.com\/wp-content\/uploads\/2024\/12\/DialogueGPT-header.png\">\n                    <\/div>\n                    <div class=\"article__body\">\n                        <div class=\"article__details magazine-tag\">\n                                                            <span class=\"article__theme\">LMS Hot Topics<\/span>\n                                <span class=\"article__seperator\">\u00b7<\/span>\n                                                        <span class=\"article__date\">06.12.2024<\/span>\n                                                                                            <span class=\"article__readingtime\">Reading time 5 min.<\/span>\n                                                    <\/div>\n                        <div class=\"article__content\">\n                            <a href=\"https:\/\/www.scheer-imc.com\/blog\/article\/dialoguegpt-training-communication-with-ai\/\" title=\"DialogueGPT: Training Communication with AI\" target=\"_self\">\n                                <div class=\"article__title magazine-h3\">DialogueGPT: Training Communication with AI<\/div>\n                            <\/a>\n                            <div class=\"article__excerpt magazine-copy\">\n                                At an event in Cologne, imc and Festo unveiled the jointly developed tool DialogueGPT, which enables AI-powered communication training. <a href=\"https:\/\/www.scheer-imc.com\/blog\/article\/dialoguegpt-training-communication-with-ai\/\" title=\"DialogueGPT: Training Communication with AI\">(\u2026) read more<\/a>\n                                                                <\/div>\n                        <\/div>\n                        <div class=\"article__share\">\n                                                        <div class=\"shariff\"><ul class=\"shariff-buttons theme-default orientation-horizontal buttonsize-medium\"><li class=\"shariff-button linkedin shariff-nocustomcolor\" style=\"background-color:#1488bf\"><a href=\"https:\/\/www.linkedin.com\/shareArticle?mini=true&url=https%3A%2F%2Fwww.scheer-imc.com%2Fblog%2Farticle%2Fdialoguegpt-training-communication-with-ai%2F&title=DialogueGPT%3A%20Training%20Communication%20with%20AI\" title=\"Share on LinkedIn\" aria-label=\"Share on LinkedIn\" role=\"button\" rel=\"noopener nofollow\" class=\"shariff-link\" style=\"; background-color:#0077b5; color:#fff\" target=\"_blank\"><span class=\"shariff-icon\" style=\"\"><svg width=\"32px\" height=\"20px\" xmlns=\"http:\/\/www.w3.org\/2000\/svg\" viewBox=\"0 0 27 32\"><path fill=\"#0077b5\" d=\"M6.2 11.2v17.7h-5.9v-17.7h5.9zM6.6 5.7q0 1.3-0.9 2.2t-2.4 0.9h0q-1.5 0-2.4-0.9t-0.9-2.2 0.9-2.2 2.4-0.9 2.4 0.9 0.9 2.2zM27.4 18.7v10.1h-5.9v-9.5q0-1.9-0.7-2.9t-2.3-1.1q-1.1 0-1.9 0.6t-1.2 1.5q-0.2 0.5-0.2 1.4v9.9h-5.9q0-7.1 0-11.6t0-5.3l0-0.9h5.9v2.6h0q0.4-0.6 0.7-1t1-0.9 1.6-0.8 2-0.3q3 0 4.9 2t1.9 6z\"\/><\/svg><\/span><span class=\"shariff-text\">share<\/span>&nbsp;<\/a><\/li><li class=\"shariff-button twitter shariff-nocustomcolor\" style=\"background-color:#32bbf5\"><a href=\"https:\/\/twitter.com\/share?url=https%3A%2F%2Fwww.scheer-imc.com%2Fblog%2Farticle%2Fdialoguegpt-training-communication-with-ai%2F&text=DialogueGPT%3A%20Training%20Communication%20with%20AI\" title=\"Share on Twitter\" aria-label=\"Share on Twitter\" role=\"button\" rel=\"noopener nofollow\" class=\"shariff-link\" style=\"; background-color:#55acee; color:#fff\" target=\"_blank\"><span class=\"shariff-icon\" style=\"\"><svg width=\"32px\" height=\"20px\" xmlns=\"http:\/\/www.w3.org\/2000\/svg\" viewBox=\"0 0 30 32\"><path fill=\"#55acee\" d=\"M29.7 6.8q-1.2 1.8-3 3.1 0 0.3 0 0.8 0 2.5-0.7 4.9t-2.2 4.7-3.5 4-4.9 2.8-6.1 1q-5.1 0-9.3-2.7 0.6 0.1 1.5 0.1 4.3 0 7.6-2.6-2-0.1-3.5-1.2t-2.2-3q0.6 0.1 1.1 0.1 0.8 0 1.6-0.2-2.1-0.4-3.5-2.1t-1.4-3.9v-0.1q1.3 0.7 2.8 0.8-1.2-0.8-2-2.2t-0.7-2.9q0-1.7 0.8-3.1 2.3 2.8 5.5 4.5t7 1.9q-0.2-0.7-0.2-1.4 0-2.5 1.8-4.3t4.3-1.8q2.7 0 4.5 1.9 2.1-0.4 3.9-1.5-0.7 2.2-2.7 3.4 1.8-0.2 3.5-0.9z\"\/><\/svg><\/span><span class=\"shariff-text\">tweet<\/span>&nbsp;<\/a><\/li><li class=\"shariff-button facebook shariff-nocustomcolor\" style=\"background-color:#4273c8\"><a href=\"https:\/\/www.facebook.com\/sharer\/sharer.php?u=https%3A%2F%2Fwww.scheer-imc.com%2Fblog%2Farticle%2Fdialoguegpt-training-communication-with-ai%2F\" title=\"Share on Facebook\" aria-label=\"Share on Facebook\" role=\"button\" rel=\"nofollow\" class=\"shariff-link\" style=\"; background-color:#3b5998; color:#fff\" target=\"_blank\"><span class=\"shariff-icon\" style=\"\"><svg width=\"32px\" height=\"20px\" xmlns=\"http:\/\/www.w3.org\/2000\/svg\" viewBox=\"0 0 18 32\"><path fill=\"#3b5998\" d=\"M17.1 0.2v4.7h-2.8q-1.5 0-2.1 0.6t-0.5 1.9v3.4h5.2l-0.7 5.3h-4.5v13.6h-5.5v-13.6h-4.5v-5.3h4.5v-3.9q0-3.3 1.9-5.2t5-1.8q2.6 0 4.1 0.2z\"\/><\/svg><\/span><span class=\"shariff-text\">share<\/span>&nbsp;<\/a><\/li><li class=\"shariff-button xing shariff-nocustomcolor\" style=\"background-color:#29888a\"><a href=\"https:\/\/www.xing.com\/spi\/shares\/new?url=https%3A%2F%2Fwww.scheer-imc.com%2Fblog%2Farticle%2Fdialoguegpt-training-communication-with-ai%2F\" title=\"Share on XING\" aria-label=\"Share on XING\" role=\"button\" rel=\"noopener nofollow\" class=\"shariff-link\" style=\"; background-color:#126567; color:#fff\" target=\"_blank\"><span class=\"shariff-icon\" style=\"\"><svg width=\"32px\" height=\"20px\" xmlns=\"http:\/\/www.w3.org\/2000\/svg\" viewBox=\"0 0 25 32\"><path fill=\"#126567\" d=\"M10.7 11.9q-0.2 0.3-4.6 8.2-0.5 0.8-1.2 0.8h-4.3q-0.4 0-0.5-0.3t0-0.6l4.5-8q0 0 0 0l-2.9-5q-0.2-0.4 0-0.7 0.2-0.3 0.5-0.3h4.3q0.7 0 1.2 0.8zM25.1 0.4q0.2 0.3 0 0.7l-9.4 16.7 6 11q0.2 0.4 0 0.6-0.2 0.3-0.6 0.3h-4.3q-0.7 0-1.2-0.8l-6-11.1q0.3-0.6 9.5-16.8 0.4-0.8 1.2-0.8h4.3q0.4 0 0.5 0.3z\"\/><\/svg><\/span><span class=\"shariff-text\">share<\/span>&nbsp;<\/a><\/li><\/ul><\/div>                        <\/div>\n                    <\/div>\n                <\/div>\n                                <div class=\"themeworld__article article\">\n                    <div class=\"article__thumbnail\">\n                        <img decoding=\"async\" src=\"https:\/\/www.scheer-imc.com\/wp-content\/uploads\/2024\/09\/innovation_manager_ai_featured.png\">\n                    <\/div>\n                    <div class=\"article__body\">\n                        <div class=\"article__details magazine-tag\">\n                                                            <span class=\"article__theme\">LMS Hot Topics<\/span>\n                                <span class=\"article__seperator\">\u00b7<\/span>\n                                                        <span class=\"article__date\">27.11.2024<\/span>\n                                                                                            <span class=\"article__readingtime\">Reading time 4 min.<\/span>\n                                                    <\/div>\n                        <div class=\"article__content\">\n                            <a href=\"https:\/\/www.scheer-imc.com\/blog\/article\/ai-solutions-for-enterprise-training-challenges\/\" title=\"AI Solutions for Enterprise Training Challenges\" target=\"_self\">\n                                <div class=\"article__title magazine-h3\">AI Solutions for Enterprise Training Challenges<\/div>\n                            <\/a>\n                            <div class=\"article__excerpt magazine-copy\">\n                                Companies are under increasing pressure to address critical enterprise training challenges: identifying skills gaps accurately and keeping learners engaged with training programmes that are relevant and effective. At our recent hackathon, two innovative prototypes demonstrated how AI can empower learning and development (L&amp;D) teams to tackle these challenges head-on.   <a href=\"https:\/\/www.scheer-imc.com\/blog\/article\/ai-solutions-for-enterprise-training-challenges\/\" title=\"AI Solutions for Enterprise Training Challenges\">(\u2026) read more<\/a>\n                                                                <\/div>\n                        <\/div>\n                        <div class=\"article__share\">\n                                                        <div class=\"shariff\"><ul class=\"shariff-buttons theme-default orientation-horizontal buttonsize-medium\"><li class=\"shariff-button linkedin shariff-nocustomcolor\" style=\"background-color:#1488bf\"><a href=\"https:\/\/www.linkedin.com\/shareArticle?mini=true&url=https%3A%2F%2Fwww.scheer-imc.com%2Fblog%2Farticle%2Fai-solutions-for-enterprise-training-challenges%2F&title=AI%20Solutions%20for%20Enterprise%20Training%20Challenges\" title=\"Share on LinkedIn\" aria-label=\"Share on LinkedIn\" role=\"button\" rel=\"noopener nofollow\" class=\"shariff-link\" style=\"; background-color:#0077b5; color:#fff\" target=\"_blank\"><span class=\"shariff-icon\" style=\"\"><svg width=\"32px\" height=\"20px\" xmlns=\"http:\/\/www.w3.org\/2000\/svg\" viewBox=\"0 0 27 32\"><path fill=\"#0077b5\" d=\"M6.2 11.2v17.7h-5.9v-17.7h5.9zM6.6 5.7q0 1.3-0.9 2.2t-2.4 0.9h0q-1.5 0-2.4-0.9t-0.9-2.2 0.9-2.2 2.4-0.9 2.4 0.9 0.9 2.2zM27.4 18.7v10.1h-5.9v-9.5q0-1.9-0.7-2.9t-2.3-1.1q-1.1 0-1.9 0.6t-1.2 1.5q-0.2 0.5-0.2 1.4v9.9h-5.9q0-7.1 0-11.6t0-5.3l0-0.9h5.9v2.6h0q0.4-0.6 0.7-1t1-0.9 1.6-0.8 2-0.3q3 0 4.9 2t1.9 6z\"\/><\/svg><\/span><span class=\"shariff-text\">share<\/span>&nbsp;<\/a><\/li><li class=\"shariff-button twitter shariff-nocustomcolor\" style=\"background-color:#32bbf5\"><a href=\"https:\/\/twitter.com\/share?url=https%3A%2F%2Fwww.scheer-imc.com%2Fblog%2Farticle%2Fai-solutions-for-enterprise-training-challenges%2F&text=AI%20Solutions%20for%20Enterprise%20Training%20Challenges\" title=\"Share on Twitter\" aria-label=\"Share on Twitter\" role=\"button\" rel=\"noopener nofollow\" class=\"shariff-link\" style=\"; background-color:#55acee; color:#fff\" target=\"_blank\"><span class=\"shariff-icon\" style=\"\"><svg width=\"32px\" height=\"20px\" xmlns=\"http:\/\/www.w3.org\/2000\/svg\" viewBox=\"0 0 30 32\"><path fill=\"#55acee\" d=\"M29.7 6.8q-1.2 1.8-3 3.1 0 0.3 0 0.8 0 2.5-0.7 4.9t-2.2 4.7-3.5 4-4.9 2.8-6.1 1q-5.1 0-9.3-2.7 0.6 0.1 1.5 0.1 4.3 0 7.6-2.6-2-0.1-3.5-1.2t-2.2-3q0.6 0.1 1.1 0.1 0.8 0 1.6-0.2-2.1-0.4-3.5-2.1t-1.4-3.9v-0.1q1.3 0.7 2.8 0.8-1.2-0.8-2-2.2t-0.7-2.9q0-1.7 0.8-3.1 2.3 2.8 5.5 4.5t7 1.9q-0.2-0.7-0.2-1.4 0-2.5 1.8-4.3t4.3-1.8q2.7 0 4.5 1.9 2.1-0.4 3.9-1.5-0.7 2.2-2.7 3.4 1.8-0.2 3.5-0.9z\"\/><\/svg><\/span><span class=\"shariff-text\">tweet<\/span>&nbsp;<\/a><\/li><li class=\"shariff-button facebook shariff-nocustomcolor\" style=\"background-color:#4273c8\"><a href=\"https:\/\/www.facebook.com\/sharer\/sharer.php?u=https%3A%2F%2Fwww.scheer-imc.com%2Fblog%2Farticle%2Fai-solutions-for-enterprise-training-challenges%2F\" title=\"Share on Facebook\" aria-label=\"Share on Facebook\" role=\"button\" rel=\"nofollow\" class=\"shariff-link\" style=\"; background-color:#3b5998; color:#fff\" target=\"_blank\"><span class=\"shariff-icon\" style=\"\"><svg width=\"32px\" height=\"20px\" xmlns=\"http:\/\/www.w3.org\/2000\/svg\" viewBox=\"0 0 18 32\"><path fill=\"#3b5998\" d=\"M17.1 0.2v4.7h-2.8q-1.5 0-2.1 0.6t-0.5 1.9v3.4h5.2l-0.7 5.3h-4.5v13.6h-5.5v-13.6h-4.5v-5.3h4.5v-3.9q0-3.3 1.9-5.2t5-1.8q2.6 0 4.1 0.2z\"\/><\/svg><\/span><span class=\"shariff-text\">share<\/span>&nbsp;<\/a><\/li><li class=\"shariff-button xing shariff-nocustomcolor\" style=\"background-color:#29888a\"><a href=\"https:\/\/www.xing.com\/spi\/shares\/new?url=https%3A%2F%2Fwww.scheer-imc.com%2Fblog%2Farticle%2Fai-solutions-for-enterprise-training-challenges%2F\" title=\"Share on XING\" aria-label=\"Share on XING\" role=\"button\" rel=\"noopener nofollow\" class=\"shariff-link\" style=\"; background-color:#126567; color:#fff\" target=\"_blank\"><span class=\"shariff-icon\" style=\"\"><svg width=\"32px\" height=\"20px\" xmlns=\"http:\/\/www.w3.org\/2000\/svg\" viewBox=\"0 0 25 32\"><path fill=\"#126567\" d=\"M10.7 11.9q-0.2 0.3-4.6 8.2-0.5 0.8-1.2 0.8h-4.3q-0.4 0-0.5-0.3t0-0.6l4.5-8q0 0 0 0l-2.9-5q-0.2-0.4 0-0.7 0.2-0.3 0.5-0.3h4.3q0.7 0 1.2 0.8zM25.1 0.4q0.2 0.3 0 0.7l-9.4 16.7 6 11q0.2 0.4 0 0.6-0.2 0.3-0.6 0.3h-4.3q-0.7 0-1.2-0.8l-6-11.1q0.3-0.6 9.5-16.8 0.4-0.8 1.2-0.8h4.3q0.4 0 0.5 0.3z\"\/><\/svg><\/span><span class=\"shariff-text\">share<\/span>&nbsp;<\/a><\/li><\/ul><\/div>                        <\/div>\n                    <\/div>\n                <\/div>\n                        <\/div>\n        <div class=\"themeworld__button\">\n            \t\t\t\t\t\t\t\t\t\t\t\t\t\t<a class=\"button button--red button--normal button--solid\" target=\"_self\" title=\"Discover our special LMS Hot Topics\" href=\"https:\/\/www.scheer-imc.com\/blog\/article\/lms-hot-topics\/\">\n\t\t\t\t<span class=\"bold\">Discover our special LMS Hot Topics<\/span>\n\t\t\t<\/a>\n\t\t\t        <\/div>\n    <\/div>\n<\/div>\n<\/div><\/div><\/div><div id=\"pgc-14734-7-2\"  class=\"panel-grid-cell panel-grid-cell-empty\" ><\/div><\/div><div id=\"pg-14734-8\"  class=\"panel-grid panel-no-style\"  style=\"--mobile-padding:;\" ><div id=\"pgc-14734-8-0\"  class=\"panel-grid-cell panel-grid-cell-empty\" ><\/div><div id=\"pgc-14734-8-1\"  class=\"panel-grid-cell panel-grid-cell-mobile-last\" ><div id=\"panel-14734-8-1-0\" class=\"so-panel widget widget_zrm-themeworld panel-first-child panel-last-child\" data-index=\"10\" ><div\n\t\t\t\n\t\t\tclass=\"so-widget-zrm-themeworld so-widget-zrm-themeworld-default-d75171398898-14734\"\n\t\t\t\n\t\t><div class=\"widget widget--themeworld lg\">\n    <div class=\"themeworld\">\n        <div class=\"themeworld__title magazine-h3\">\n            <h3>eLearning Content<\/h3>\n        <\/div>\n        <div class=\"themeworld__posts\">\n                            <div class=\"themeworld__article article\">\n                    <div class=\"article__thumbnail\">\n                        <img decoding=\"async\" src=\"https:\/\/www.scheer-imc.com\/wp-content\/uploads\/2023\/11\/imc-elearningpunk-FutureSkills-01.jpg\">\n                    <\/div>\n                    <div class=\"article__body\">\n                        <div class=\"article__details magazine-tag\">\n                                                            <span class=\"article__theme\">E-Learning Punk<\/span>\n                                <span class=\"article__seperator\">\u00b7<\/span>\n                                                        <span class=\"article__date\">14.11.2023<\/span>\n                                                                                            <span class=\"article__readingtime\">Reading time 5 min.<\/span>\n                                                    <\/div>\n                        <div class=\"article__content\">\n                            <a href=\"https:\/\/www.scheer-imc.com\/blog\/article\/the-meaning-of-future-skills\/\" title=\"The Meaning of Future Skills\" target=\"_self\">\n                                <div class=\"article__title magazine-h3\">The Meaning of Future Skills<\/div>\n                            <\/a>\n                            <div class=\"article__excerpt magazine-copy\">\n                                The world of work is in constant flux, shaped by technological advances, changing expectations and ever-new business models. Faced with this highly dynamic and uncertain environment, companies need to get future-ready to ensure they remain successful. <a href=\"https:\/\/www.scheer-imc.com\/blog\/article\/the-meaning-of-future-skills\/\" title=\"The Meaning of Future Skills\">(\u2026) read more<\/a>\n                                                                <\/div>\n                        <\/div>\n                        <div class=\"article__share\">\n                                                        <div class=\"shariff\"><ul class=\"shariff-buttons theme-default orientation-horizontal buttonsize-medium\"><li class=\"shariff-button linkedin shariff-nocustomcolor\" style=\"background-color:#1488bf\"><a href=\"https:\/\/www.linkedin.com\/shareArticle?mini=true&url=https%3A%2F%2Fwww.scheer-imc.com%2Fblog%2Farticle%2Fthe-meaning-of-future-skills%2F&title=The%20Meaning%20of%20Future%20Skills\" title=\"Share on LinkedIn\" aria-label=\"Share on LinkedIn\" role=\"button\" rel=\"noopener nofollow\" class=\"shariff-link\" style=\"; background-color:#0077b5; color:#fff\" target=\"_blank\"><span class=\"shariff-icon\" style=\"\"><svg width=\"32px\" height=\"20px\" xmlns=\"http:\/\/www.w3.org\/2000\/svg\" viewBox=\"0 0 27 32\"><path fill=\"#0077b5\" d=\"M6.2 11.2v17.7h-5.9v-17.7h5.9zM6.6 5.7q0 1.3-0.9 2.2t-2.4 0.9h0q-1.5 0-2.4-0.9t-0.9-2.2 0.9-2.2 2.4-0.9 2.4 0.9 0.9 2.2zM27.4 18.7v10.1h-5.9v-9.5q0-1.9-0.7-2.9t-2.3-1.1q-1.1 0-1.9 0.6t-1.2 1.5q-0.2 0.5-0.2 1.4v9.9h-5.9q0-7.1 0-11.6t0-5.3l0-0.9h5.9v2.6h0q0.4-0.6 0.7-1t1-0.9 1.6-0.8 2-0.3q3 0 4.9 2t1.9 6z\"\/><\/svg><\/span><span class=\"shariff-text\">share<\/span>&nbsp;<\/a><\/li><li class=\"shariff-button twitter shariff-nocustomcolor\" style=\"background-color:#32bbf5\"><a href=\"https:\/\/twitter.com\/share?url=https%3A%2F%2Fwww.scheer-imc.com%2Fblog%2Farticle%2Fthe-meaning-of-future-skills%2F&text=The%20Meaning%20of%20Future%20Skills\" title=\"Share on Twitter\" aria-label=\"Share on Twitter\" role=\"button\" rel=\"noopener nofollow\" class=\"shariff-link\" style=\"; background-color:#55acee; color:#fff\" target=\"_blank\"><span class=\"shariff-icon\" style=\"\"><svg width=\"32px\" height=\"20px\" xmlns=\"http:\/\/www.w3.org\/2000\/svg\" viewBox=\"0 0 30 32\"><path fill=\"#55acee\" d=\"M29.7 6.8q-1.2 1.8-3 3.1 0 0.3 0 0.8 0 2.5-0.7 4.9t-2.2 4.7-3.5 4-4.9 2.8-6.1 1q-5.1 0-9.3-2.7 0.6 0.1 1.5 0.1 4.3 0 7.6-2.6-2-0.1-3.5-1.2t-2.2-3q0.6 0.1 1.1 0.1 0.8 0 1.6-0.2-2.1-0.4-3.5-2.1t-1.4-3.9v-0.1q1.3 0.7 2.8 0.8-1.2-0.8-2-2.2t-0.7-2.9q0-1.7 0.8-3.1 2.3 2.8 5.5 4.5t7 1.9q-0.2-0.7-0.2-1.4 0-2.5 1.8-4.3t4.3-1.8q2.7 0 4.5 1.9 2.1-0.4 3.9-1.5-0.7 2.2-2.7 3.4 1.8-0.2 3.5-0.9z\"\/><\/svg><\/span><span class=\"shariff-text\">tweet<\/span>&nbsp;<\/a><\/li><li class=\"shariff-button facebook shariff-nocustomcolor\" style=\"background-color:#4273c8\"><a href=\"https:\/\/www.facebook.com\/sharer\/sharer.php?u=https%3A%2F%2Fwww.scheer-imc.com%2Fblog%2Farticle%2Fthe-meaning-of-future-skills%2F\" title=\"Share on Facebook\" aria-label=\"Share on Facebook\" role=\"button\" rel=\"nofollow\" class=\"shariff-link\" style=\"; background-color:#3b5998; color:#fff\" target=\"_blank\"><span class=\"shariff-icon\" style=\"\"><svg width=\"32px\" height=\"20px\" xmlns=\"http:\/\/www.w3.org\/2000\/svg\" viewBox=\"0 0 18 32\"><path fill=\"#3b5998\" d=\"M17.1 0.2v4.7h-2.8q-1.5 0-2.1 0.6t-0.5 1.9v3.4h5.2l-0.7 5.3h-4.5v13.6h-5.5v-13.6h-4.5v-5.3h4.5v-3.9q0-3.3 1.9-5.2t5-1.8q2.6 0 4.1 0.2z\"\/><\/svg><\/span><span class=\"shariff-text\">share<\/span>&nbsp;<\/a><\/li><li class=\"shariff-button xing shariff-nocustomcolor\" style=\"background-color:#29888a\"><a href=\"https:\/\/www.xing.com\/spi\/shares\/new?url=https%3A%2F%2Fwww.scheer-imc.com%2Fblog%2Farticle%2Fthe-meaning-of-future-skills%2F\" title=\"Share on XING\" aria-label=\"Share on XING\" role=\"button\" rel=\"noopener nofollow\" class=\"shariff-link\" style=\"; background-color:#126567; color:#fff\" target=\"_blank\"><span class=\"shariff-icon\" style=\"\"><svg width=\"32px\" height=\"20px\" xmlns=\"http:\/\/www.w3.org\/2000\/svg\" viewBox=\"0 0 25 32\"><path fill=\"#126567\" d=\"M10.7 11.9q-0.2 0.3-4.6 8.2-0.5 0.8-1.2 0.8h-4.3q-0.4 0-0.5-0.3t0-0.6l4.5-8q0 0 0 0l-2.9-5q-0.2-0.4 0-0.7 0.2-0.3 0.5-0.3h4.3q0.7 0 1.2 0.8zM25.1 0.4q0.2 0.3 0 0.7l-9.4 16.7 6 11q0.2 0.4 0 0.6-0.2 0.3-0.6 0.3h-4.3q-0.7 0-1.2-0.8l-6-11.1q0.3-0.6 9.5-16.8 0.4-0.8 1.2-0.8h4.3q0.4 0 0.5 0.3z\"\/><\/svg><\/span><span class=\"shariff-text\">share<\/span>&nbsp;<\/a><\/li><\/ul><\/div>                        <\/div>\n                    <\/div>\n                <\/div>\n                                <div class=\"themeworld__article article\">\n                    <div class=\"article__thumbnail\">\n                        <img decoding=\"async\" src=\"https:\/\/www.scheer-imc.com\/wp-content\/uploads\/2023\/07\/imc-elearning-punl-Cohort-based-Learning-01.jpg\">\n                    <\/div>\n                    <div class=\"article__body\">\n                        <div class=\"article__details magazine-tag\">\n                                                            <span class=\"article__theme\">E-Learning Punk<\/span>\n                                <span class=\"article__seperator\">\u00b7<\/span>\n                                                        <span class=\"article__date\">11.07.2023<\/span>\n                                                                                            <span class=\"article__readingtime\">Reading time 3 min.<\/span>\n                                                    <\/div>\n                        <div class=\"article__content\">\n                            <a href=\"https:\/\/www.scheer-imc.com\/blog\/article\/cohort-based-learning-learning\/\" title=\"Cohort-based Learning: Learning Together Beats going it Alone\" target=\"_self\">\n                                <div class=\"article__title magazine-h3\">Cohort-based Learning: Learning Together Beats going it Alone<\/div>\n                            <\/a>\n                            <div class=\"article__excerpt magazine-copy\">\n                                What does cohort-based learning mean? And why beats learning together going it alone? We have the answers! Learn more... <a href=\"https:\/\/www.scheer-imc.com\/blog\/article\/cohort-based-learning-learning\/\" title=\"Cohort-based Learning: Learning Together Beats going it Alone\">(\u2026) read more<\/a>\n                                                                <\/div>\n                        <\/div>\n                        <div class=\"article__share\">\n                                                        <div class=\"shariff\"><ul class=\"shariff-buttons theme-default orientation-horizontal buttonsize-medium\"><li class=\"shariff-button linkedin shariff-nocustomcolor\" style=\"background-color:#1488bf\"><a href=\"https:\/\/www.linkedin.com\/shareArticle?mini=true&url=https%3A%2F%2Fwww.scheer-imc.com%2Fblog%2Farticle%2Fcohort-based-learning-learning%2F&title=Cohort-based%20Learning%3A%20Learning%20Together%20Beats%20going%20it%20Alone\" title=\"Share on LinkedIn\" aria-label=\"Share on LinkedIn\" role=\"button\" rel=\"noopener nofollow\" class=\"shariff-link\" style=\"; background-color:#0077b5; color:#fff\" target=\"_blank\"><span class=\"shariff-icon\" style=\"\"><svg width=\"32px\" height=\"20px\" xmlns=\"http:\/\/www.w3.org\/2000\/svg\" viewBox=\"0 0 27 32\"><path fill=\"#0077b5\" d=\"M6.2 11.2v17.7h-5.9v-17.7h5.9zM6.6 5.7q0 1.3-0.9 2.2t-2.4 0.9h0q-1.5 0-2.4-0.9t-0.9-2.2 0.9-2.2 2.4-0.9 2.4 0.9 0.9 2.2zM27.4 18.7v10.1h-5.9v-9.5q0-1.9-0.7-2.9t-2.3-1.1q-1.1 0-1.9 0.6t-1.2 1.5q-0.2 0.5-0.2 1.4v9.9h-5.9q0-7.1 0-11.6t0-5.3l0-0.9h5.9v2.6h0q0.4-0.6 0.7-1t1-0.9 1.6-0.8 2-0.3q3 0 4.9 2t1.9 6z\"\/><\/svg><\/span><span class=\"shariff-text\">share<\/span>&nbsp;<\/a><\/li><li class=\"shariff-button twitter shariff-nocustomcolor\" style=\"background-color:#32bbf5\"><a href=\"https:\/\/twitter.com\/share?url=https%3A%2F%2Fwww.scheer-imc.com%2Fblog%2Farticle%2Fcohort-based-learning-learning%2F&text=Cohort-based%20Learning%3A%20Learning%20Together%20Beats%20going%20it%20Alone\" title=\"Share on Twitter\" aria-label=\"Share on Twitter\" role=\"button\" rel=\"noopener nofollow\" class=\"shariff-link\" style=\"; background-color:#55acee; color:#fff\" target=\"_blank\"><span class=\"shariff-icon\" style=\"\"><svg width=\"32px\" height=\"20px\" xmlns=\"http:\/\/www.w3.org\/2000\/svg\" viewBox=\"0 0 30 32\"><path fill=\"#55acee\" d=\"M29.7 6.8q-1.2 1.8-3 3.1 0 0.3 0 0.8 0 2.5-0.7 4.9t-2.2 4.7-3.5 4-4.9 2.8-6.1 1q-5.1 0-9.3-2.7 0.6 0.1 1.5 0.1 4.3 0 7.6-2.6-2-0.1-3.5-1.2t-2.2-3q0.6 0.1 1.1 0.1 0.8 0 1.6-0.2-2.1-0.4-3.5-2.1t-1.4-3.9v-0.1q1.3 0.7 2.8 0.8-1.2-0.8-2-2.2t-0.7-2.9q0-1.7 0.8-3.1 2.3 2.8 5.5 4.5t7 1.9q-0.2-0.7-0.2-1.4 0-2.5 1.8-4.3t4.3-1.8q2.7 0 4.5 1.9 2.1-0.4 3.9-1.5-0.7 2.2-2.7 3.4 1.8-0.2 3.5-0.9z\"\/><\/svg><\/span><span class=\"shariff-text\">tweet<\/span>&nbsp;<\/a><\/li><li class=\"shariff-button facebook shariff-nocustomcolor\" style=\"background-color:#4273c8\"><a href=\"https:\/\/www.facebook.com\/sharer\/sharer.php?u=https%3A%2F%2Fwww.scheer-imc.com%2Fblog%2Farticle%2Fcohort-based-learning-learning%2F\" title=\"Share on Facebook\" aria-label=\"Share on Facebook\" role=\"button\" rel=\"nofollow\" class=\"shariff-link\" style=\"; background-color:#3b5998; color:#fff\" target=\"_blank\"><span class=\"shariff-icon\" style=\"\"><svg width=\"32px\" height=\"20px\" xmlns=\"http:\/\/www.w3.org\/2000\/svg\" viewBox=\"0 0 18 32\"><path fill=\"#3b5998\" d=\"M17.1 0.2v4.7h-2.8q-1.5 0-2.1 0.6t-0.5 1.9v3.4h5.2l-0.7 5.3h-4.5v13.6h-5.5v-13.6h-4.5v-5.3h4.5v-3.9q0-3.3 1.9-5.2t5-1.8q2.6 0 4.1 0.2z\"\/><\/svg><\/span><span class=\"shariff-text\">share<\/span>&nbsp;<\/a><\/li><li class=\"shariff-button xing shariff-nocustomcolor\" style=\"background-color:#29888a\"><a href=\"https:\/\/www.xing.com\/spi\/shares\/new?url=https%3A%2F%2Fwww.scheer-imc.com%2Fblog%2Farticle%2Fcohort-based-learning-learning%2F\" title=\"Share on XING\" aria-label=\"Share on XING\" role=\"button\" rel=\"noopener nofollow\" class=\"shariff-link\" style=\"; background-color:#126567; color:#fff\" target=\"_blank\"><span class=\"shariff-icon\" style=\"\"><svg width=\"32px\" height=\"20px\" xmlns=\"http:\/\/www.w3.org\/2000\/svg\" viewBox=\"0 0 25 32\"><path fill=\"#126567\" d=\"M10.7 11.9q-0.2 0.3-4.6 8.2-0.5 0.8-1.2 0.8h-4.3q-0.4 0-0.5-0.3t0-0.6l4.5-8q0 0 0 0l-2.9-5q-0.2-0.4 0-0.7 0.2-0.3 0.5-0.3h4.3q0.7 0 1.2 0.8zM25.1 0.4q0.2 0.3 0 0.7l-9.4 16.7 6 11q0.2 0.4 0 0.6-0.2 0.3-0.6 0.3h-4.3q-0.7 0-1.2-0.8l-6-11.1q0.3-0.6 9.5-16.8 0.4-0.8 1.2-0.8h4.3q0.4 0 0.5 0.3z\"\/><\/svg><\/span><span class=\"shariff-text\">share<\/span>&nbsp;<\/a><\/li><\/ul><\/div>                        <\/div>\n                    <\/div>\n                <\/div>\n                                <div class=\"themeworld__article article\">\n                    <div class=\"article__thumbnail\">\n                        <img decoding=\"async\" src=\"https:\/\/www.scheer-imc.com\/wp-content\/uploads\/2023\/05\/imc-e-learning-punk-leadership-01.jpg\">\n                    <\/div>\n                    <div class=\"article__body\">\n                        <div class=\"article__details magazine-tag\">\n                                                            <span class=\"article__theme\">E-Learning Punk<\/span>\n                                <span class=\"article__seperator\">\u00b7<\/span>\n                                                        <span class=\"article__date\">09.05.2023<\/span>\n                                                                                            <span class=\"article__readingtime\">Reading time 3 min.<\/span>\n                                                    <\/div>\n                        <div class=\"article__content\">\n                            <a href=\"https:\/\/www.scheer-imc.com\/blog\/article\/leadership-training-when-the-boss-takes-the-learners-seat\/\" title=\"Leadership Training: When the Boss Takes the Learner\u2019s Seat\" target=\"_self\">\n                                <div class=\"article__title magazine-h3\">Leadership Training: When the Boss Takes the Learner\u2019s Seat<\/div>\n                            <\/a>\n                            <div class=\"article__excerpt magazine-copy\">\n                                Today\u2019s managers are expected to have both subject expertise and good people skills. Subject expertise can be learned, obviously, but what about the people stuff \u2013 the soft skills? <a href=\"https:\/\/www.scheer-imc.com\/blog\/article\/leadership-training-when-the-boss-takes-the-learners-seat\/\" title=\"Leadership Training: When the Boss Takes the Learner\u2019s Seat\">(\u2026) read more<\/a>\n                                                                <\/div>\n                        <\/div>\n                        <div class=\"article__share\">\n                                                        <div class=\"shariff\"><ul class=\"shariff-buttons theme-default orientation-horizontal buttonsize-medium\"><li class=\"shariff-button linkedin shariff-nocustomcolor\" style=\"background-color:#1488bf\"><a href=\"https:\/\/www.linkedin.com\/shareArticle?mini=true&url=https%3A%2F%2Fwww.scheer-imc.com%2Fblog%2Farticle%2Fleadership-training-when-the-boss-takes-the-learners-seat%2F&title=Leadership%20Training%3A%20When%20the%20Boss%20Takes%20the%20Learner%E2%80%99s%20Seat\" title=\"Share on LinkedIn\" aria-label=\"Share on LinkedIn\" role=\"button\" rel=\"noopener nofollow\" class=\"shariff-link\" style=\"; background-color:#0077b5; color:#fff\" target=\"_blank\"><span class=\"shariff-icon\" style=\"\"><svg width=\"32px\" height=\"20px\" xmlns=\"http:\/\/www.w3.org\/2000\/svg\" viewBox=\"0 0 27 32\"><path fill=\"#0077b5\" d=\"M6.2 11.2v17.7h-5.9v-17.7h5.9zM6.6 5.7q0 1.3-0.9 2.2t-2.4 0.9h0q-1.5 0-2.4-0.9t-0.9-2.2 0.9-2.2 2.4-0.9 2.4 0.9 0.9 2.2zM27.4 18.7v10.1h-5.9v-9.5q0-1.9-0.7-2.9t-2.3-1.1q-1.1 0-1.9 0.6t-1.2 1.5q-0.2 0.5-0.2 1.4v9.9h-5.9q0-7.1 0-11.6t0-5.3l0-0.9h5.9v2.6h0q0.4-0.6 0.7-1t1-0.9 1.6-0.8 2-0.3q3 0 4.9 2t1.9 6z\"\/><\/svg><\/span><span class=\"shariff-text\">share<\/span>&nbsp;<\/a><\/li><li class=\"shariff-button twitter shariff-nocustomcolor\" style=\"background-color:#32bbf5\"><a href=\"https:\/\/twitter.com\/share?url=https%3A%2F%2Fwww.scheer-imc.com%2Fblog%2Farticle%2Fleadership-training-when-the-boss-takes-the-learners-seat%2F&text=Leadership%20Training%3A%20When%20the%20Boss%20Takes%20the%20Learner%E2%80%99s%20Seat\" title=\"Share on Twitter\" aria-label=\"Share on Twitter\" role=\"button\" rel=\"noopener nofollow\" class=\"shariff-link\" style=\"; background-color:#55acee; color:#fff\" target=\"_blank\"><span class=\"shariff-icon\" style=\"\"><svg width=\"32px\" height=\"20px\" xmlns=\"http:\/\/www.w3.org\/2000\/svg\" viewBox=\"0 0 30 32\"><path fill=\"#55acee\" d=\"M29.7 6.8q-1.2 1.8-3 3.1 0 0.3 0 0.8 0 2.5-0.7 4.9t-2.2 4.7-3.5 4-4.9 2.8-6.1 1q-5.1 0-9.3-2.7 0.6 0.1 1.5 0.1 4.3 0 7.6-2.6-2-0.1-3.5-1.2t-2.2-3q0.6 0.1 1.1 0.1 0.8 0 1.6-0.2-2.1-0.4-3.5-2.1t-1.4-3.9v-0.1q1.3 0.7 2.8 0.8-1.2-0.8-2-2.2t-0.7-2.9q0-1.7 0.8-3.1 2.3 2.8 5.5 4.5t7 1.9q-0.2-0.7-0.2-1.4 0-2.5 1.8-4.3t4.3-1.8q2.7 0 4.5 1.9 2.1-0.4 3.9-1.5-0.7 2.2-2.7 3.4 1.8-0.2 3.5-0.9z\"\/><\/svg><\/span><span class=\"shariff-text\">tweet<\/span>&nbsp;<\/a><\/li><li class=\"shariff-button facebook shariff-nocustomcolor\" style=\"background-color:#4273c8\"><a href=\"https:\/\/www.facebook.com\/sharer\/sharer.php?u=https%3A%2F%2Fwww.scheer-imc.com%2Fblog%2Farticle%2Fleadership-training-when-the-boss-takes-the-learners-seat%2F\" title=\"Share on Facebook\" aria-label=\"Share on Facebook\" role=\"button\" rel=\"nofollow\" class=\"shariff-link\" style=\"; background-color:#3b5998; color:#fff\" target=\"_blank\"><span class=\"shariff-icon\" style=\"\"><svg width=\"32px\" height=\"20px\" xmlns=\"http:\/\/www.w3.org\/2000\/svg\" viewBox=\"0 0 18 32\"><path fill=\"#3b5998\" d=\"M17.1 0.2v4.7h-2.8q-1.5 0-2.1 0.6t-0.5 1.9v3.4h5.2l-0.7 5.3h-4.5v13.6h-5.5v-13.6h-4.5v-5.3h4.5v-3.9q0-3.3 1.9-5.2t5-1.8q2.6 0 4.1 0.2z\"\/><\/svg><\/span><span class=\"shariff-text\">share<\/span>&nbsp;<\/a><\/li><li class=\"shariff-button xing shariff-nocustomcolor\" style=\"background-color:#29888a\"><a href=\"https:\/\/www.xing.com\/spi\/shares\/new?url=https%3A%2F%2Fwww.scheer-imc.com%2Fblog%2Farticle%2Fleadership-training-when-the-boss-takes-the-learners-seat%2F\" title=\"Share on XING\" aria-label=\"Share on XING\" role=\"button\" rel=\"noopener nofollow\" class=\"shariff-link\" style=\"; background-color:#126567; color:#fff\" target=\"_blank\"><span class=\"shariff-icon\" style=\"\"><svg width=\"32px\" height=\"20px\" xmlns=\"http:\/\/www.w3.org\/2000\/svg\" viewBox=\"0 0 25 32\"><path fill=\"#126567\" d=\"M10.7 11.9q-0.2 0.3-4.6 8.2-0.5 0.8-1.2 0.8h-4.3q-0.4 0-0.5-0.3t0-0.6l4.5-8q0 0 0 0l-2.9-5q-0.2-0.4 0-0.7 0.2-0.3 0.5-0.3h4.3q0.7 0 1.2 0.8zM25.1 0.4q0.2 0.3 0 0.7l-9.4 16.7 6 11q0.2 0.4 0 0.6-0.2 0.3-0.6 0.3h-4.3q-0.7 0-1.2-0.8l-6-11.1q0.3-0.6 9.5-16.8 0.4-0.8 1.2-0.8h4.3q0.4 0 0.5 0.3z\"\/><\/svg><\/span><span class=\"shariff-text\">share<\/span>&nbsp;<\/a><\/li><\/ul><\/div>                        <\/div>\n                    <\/div>\n                <\/div>\n                        <\/div>\n        <div class=\"themeworld__button\">\n            \t\t\t\t\t\t\t\t\t\t\t\t\t\t<a class=\"button button--red button--normal button--solid\" target=\"_self\" title=\"Discover our special eLearning Punk\" href=\"https:\/\/www.scheer-imc.com\/blog\/article\/e-learning-punk\/\">\n\t\t\t\t<span class=\"bold\">Discover our special eLearning Punk<\/span>\n\t\t\t<\/a>\n\t\t\t        <\/div>\n    <\/div>\n<\/div>\n<\/div><\/div><\/div><div id=\"pgc-14734-8-2\"  class=\"panel-grid-cell panel-grid-cell-empty\" ><\/div><\/div><div id=\"pg-14734-9\"  class=\"panel-grid panel-no-style\"  style=\"--mobile-padding:;\" ><div id=\"pgc-14734-9-0\"  class=\"panel-grid-cell panel-grid-cell-empty\" ><\/div><div id=\"pgc-14734-9-1\"  class=\"panel-grid-cell panel-grid-cell-mobile-last\" ><div id=\"panel-14734-9-1-0\" class=\"so-panel widget widget_zrm-themeworld panel-first-child panel-last-child\" data-index=\"11\" ><div\n\t\t\t\n\t\t\tclass=\"so-widget-zrm-themeworld so-widget-zrm-themeworld-default-d75171398898-14734\"\n\t\t\t\n\t\t><div class=\"widget widget--themeworld xl\">\n    <div class=\"themeworld\">\n        <div class=\"themeworld__title magazine-h3\">\n            <h3>Future of Work<\/h3>\n        <\/div>\n        <div class=\"themeworld__posts\">\n                            <div class=\"themeworld__article article\">\n                    <div class=\"article__thumbnail\">\n                        <img decoding=\"async\" src=\"https:\/\/www.scheer-imc.com\/wp-content\/uploads\/2022\/02\/imc-future-of-work-ecosystem-website-01-1-1024x576.jpg\">\n                    <\/div>\n                    <div class=\"article__body\">\n                        <div class=\"article__details magazine-tag\">\n                                                            <span class=\"article__theme\">Future of Work<\/span>\n                                <span class=\"article__seperator\">\u00b7<\/span>\n                                                        <span class=\"article__date\">22.02.2022<\/span>\n                                                                                            <span class=\"article__readingtime\">Reading time 3 min.<\/span>\n                                                    <\/div>\n                        <div class=\"article__content\">\n                            <a href=\"https:\/\/www.scheer-imc.com\/blog\/article\/future-of-work-learning-culture-nourishes-learning-ecosystems\/\" title=\"Learning Culture Nourishes Learning Ecosystems\" target=\"_self\">\n                                <div class=\"article__title magazine-h3\">Learning Culture Nourishes Learning Ecosystems<\/div>\n                            <\/a>\n                            <div class=\"article__excerpt magazine-copy\">\n                                \u201cNo appointments today \u2013 I\u2019m learning.\u201d Is it possible to write that without earning funny looks? Making it possible is a key task for modern companies. Learning and professional development must lose the \u201cnecessary evil\u201d or \u201cseminar as a benefit\u201d labels and be anchored as a vital component of corporate culture. <a href=\"https:\/\/www.scheer-imc.com\/blog\/article\/future-of-work-learning-culture-nourishes-learning-ecosystems\/\" title=\"Learning Culture Nourishes Learning Ecosystems\">(\u2026) read more<\/a>\n                                                                <\/div>\n                        <\/div>\n                        <div class=\"article__share\">\n                                                        <div class=\"shariff\"><ul class=\"shariff-buttons theme-default orientation-horizontal buttonsize-medium\"><li class=\"shariff-button linkedin shariff-nocustomcolor\" style=\"background-color:#1488bf\"><a href=\"https:\/\/www.linkedin.com\/shareArticle?mini=true&url=https%3A%2F%2Fwww.scheer-imc.com%2Fblog%2Farticle%2Ffuture-of-work-learning-culture-nourishes-learning-ecosystems%2F&title=Learning%20Culture%20Nourishes%20Learning%20Ecosystems\" title=\"Share on LinkedIn\" aria-label=\"Share on LinkedIn\" role=\"button\" rel=\"noopener nofollow\" class=\"shariff-link\" style=\"; background-color:#0077b5; color:#fff\" target=\"_blank\"><span class=\"shariff-icon\" style=\"\"><svg width=\"32px\" height=\"20px\" xmlns=\"http:\/\/www.w3.org\/2000\/svg\" viewBox=\"0 0 27 32\"><path fill=\"#0077b5\" d=\"M6.2 11.2v17.7h-5.9v-17.7h5.9zM6.6 5.7q0 1.3-0.9 2.2t-2.4 0.9h0q-1.5 0-2.4-0.9t-0.9-2.2 0.9-2.2 2.4-0.9 2.4 0.9 0.9 2.2zM27.4 18.7v10.1h-5.9v-9.5q0-1.9-0.7-2.9t-2.3-1.1q-1.1 0-1.9 0.6t-1.2 1.5q-0.2 0.5-0.2 1.4v9.9h-5.9q0-7.1 0-11.6t0-5.3l0-0.9h5.9v2.6h0q0.4-0.6 0.7-1t1-0.9 1.6-0.8 2-0.3q3 0 4.9 2t1.9 6z\"\/><\/svg><\/span><span class=\"shariff-text\">share<\/span>&nbsp;<\/a><\/li><li class=\"shariff-button twitter shariff-nocustomcolor\" style=\"background-color:#32bbf5\"><a href=\"https:\/\/twitter.com\/share?url=https%3A%2F%2Fwww.scheer-imc.com%2Fblog%2Farticle%2Ffuture-of-work-learning-culture-nourishes-learning-ecosystems%2F&text=Learning%20Culture%20Nourishes%20Learning%20Ecosystems\" title=\"Share on Twitter\" aria-label=\"Share on Twitter\" role=\"button\" rel=\"noopener nofollow\" class=\"shariff-link\" style=\"; background-color:#55acee; color:#fff\" target=\"_blank\"><span class=\"shariff-icon\" style=\"\"><svg width=\"32px\" height=\"20px\" xmlns=\"http:\/\/www.w3.org\/2000\/svg\" viewBox=\"0 0 30 32\"><path fill=\"#55acee\" d=\"M29.7 6.8q-1.2 1.8-3 3.1 0 0.3 0 0.8 0 2.5-0.7 4.9t-2.2 4.7-3.5 4-4.9 2.8-6.1 1q-5.1 0-9.3-2.7 0.6 0.1 1.5 0.1 4.3 0 7.6-2.6-2-0.1-3.5-1.2t-2.2-3q0.6 0.1 1.1 0.1 0.8 0 1.6-0.2-2.1-0.4-3.5-2.1t-1.4-3.9v-0.1q1.3 0.7 2.8 0.8-1.2-0.8-2-2.2t-0.7-2.9q0-1.7 0.8-3.1 2.3 2.8 5.5 4.5t7 1.9q-0.2-0.7-0.2-1.4 0-2.5 1.8-4.3t4.3-1.8q2.7 0 4.5 1.9 2.1-0.4 3.9-1.5-0.7 2.2-2.7 3.4 1.8-0.2 3.5-0.9z\"\/><\/svg><\/span><span class=\"shariff-text\">tweet<\/span>&nbsp;<\/a><\/li><li class=\"shariff-button facebook shariff-nocustomcolor\" style=\"background-color:#4273c8\"><a href=\"https:\/\/www.facebook.com\/sharer\/sharer.php?u=https%3A%2F%2Fwww.scheer-imc.com%2Fblog%2Farticle%2Ffuture-of-work-learning-culture-nourishes-learning-ecosystems%2F\" title=\"Share on Facebook\" aria-label=\"Share on Facebook\" role=\"button\" rel=\"nofollow\" class=\"shariff-link\" style=\"; background-color:#3b5998; color:#fff\" target=\"_blank\"><span class=\"shariff-icon\" style=\"\"><svg width=\"32px\" height=\"20px\" xmlns=\"http:\/\/www.w3.org\/2000\/svg\" viewBox=\"0 0 18 32\"><path fill=\"#3b5998\" d=\"M17.1 0.2v4.7h-2.8q-1.5 0-2.1 0.6t-0.5 1.9v3.4h5.2l-0.7 5.3h-4.5v13.6h-5.5v-13.6h-4.5v-5.3h4.5v-3.9q0-3.3 1.9-5.2t5-1.8q2.6 0 4.1 0.2z\"\/><\/svg><\/span><span class=\"shariff-text\">share<\/span>&nbsp;<\/a><\/li><li class=\"shariff-button xing shariff-nocustomcolor\" style=\"background-color:#29888a\"><a href=\"https:\/\/www.xing.com\/spi\/shares\/new?url=https%3A%2F%2Fwww.scheer-imc.com%2Fblog%2Farticle%2Ffuture-of-work-learning-culture-nourishes-learning-ecosystems%2F\" title=\"Share on XING\" aria-label=\"Share on XING\" role=\"button\" rel=\"noopener nofollow\" class=\"shariff-link\" style=\"; background-color:#126567; color:#fff\" target=\"_blank\"><span class=\"shariff-icon\" style=\"\"><svg width=\"32px\" height=\"20px\" xmlns=\"http:\/\/www.w3.org\/2000\/svg\" viewBox=\"0 0 25 32\"><path fill=\"#126567\" d=\"M10.7 11.9q-0.2 0.3-4.6 8.2-0.5 0.8-1.2 0.8h-4.3q-0.4 0-0.5-0.3t0-0.6l4.5-8q0 0 0 0l-2.9-5q-0.2-0.4 0-0.7 0.2-0.3 0.5-0.3h4.3q0.7 0 1.2 0.8zM25.1 0.4q0.2 0.3 0 0.7l-9.4 16.7 6 11q0.2 0.4 0 0.6-0.2 0.3-0.6 0.3h-4.3q-0.7 0-1.2-0.8l-6-11.1q0.3-0.6 9.5-16.8 0.4-0.8 1.2-0.8h4.3q0.4 0 0.5 0.3z\"\/><\/svg><\/span><span class=\"shariff-text\">share<\/span>&nbsp;<\/a><\/li><\/ul><\/div>                        <\/div>\n                    <\/div>\n                <\/div>\n                                <div class=\"themeworld__article article\">\n                    <div class=\"article__thumbnail\">\n                        <img decoding=\"async\" src=\"https:\/\/www.scheer-imc.com\/wp-content\/uploads\/2021\/10\/imc-future-of-work-09-1-1024x576.jpg\">\n                    <\/div>\n                    <div class=\"article__body\">\n                        <div class=\"article__details magazine-tag\">\n                                                            <span class=\"article__theme\">Future of Work<\/span>\n                                <span class=\"article__seperator\">\u00b7<\/span>\n                                                        <span class=\"article__date\">08.10.2021<\/span>\n                                                                                            <span class=\"article__readingtime\">Reading time 5 min.<\/span>\n                                                    <\/div>\n                        <div class=\"article__content\">\n                            <a href=\"https:\/\/www.scheer-imc.com\/blog\/article\/future-of-work-can-germany-afford-its-current-ai-scepticism\/\" title=\"Future of Work: Can Germany Afford its Current AI Scepticism?\" target=\"_self\">\n                                <div class=\"article__title magazine-h3\">Future of Work: Can Germany Afford its Current AI Scepticism?<\/div>\n                            <\/a>\n                            <div class=\"article__excerpt magazine-copy\">\n                                Artificial intelligence (AI) is often viewed sceptically in Germany, but often without justification. In this interview with Kristian Schalter, we talk about how future technologies like AI will change our working world and why Germany cannot afford its current AI scepticism in the long term. <a href=\"https:\/\/www.scheer-imc.com\/blog\/article\/future-of-work-can-germany-afford-its-current-ai-scepticism\/\" title=\"Future of Work: Can Germany Afford its Current AI Scepticism?\">(\u2026) read more<\/a>\n                                                                <\/div>\n                        <\/div>\n                        <div class=\"article__share\">\n                                                        <div class=\"shariff\"><ul class=\"shariff-buttons theme-default orientation-horizontal buttonsize-medium\"><li class=\"shariff-button linkedin shariff-nocustomcolor\" style=\"background-color:#1488bf\"><a href=\"https:\/\/www.linkedin.com\/shareArticle?mini=true&url=https%3A%2F%2Fwww.scheer-imc.com%2Fblog%2Farticle%2Ffuture-of-work-can-germany-afford-its-current-ai-scepticism%2F&title=Future%20of%20Work%3A%20Can%20Germany%20Afford%20its%20Current%20AI%20Scepticism%3F\" title=\"Share on LinkedIn\" aria-label=\"Share on LinkedIn\" role=\"button\" rel=\"noopener nofollow\" class=\"shariff-link\" style=\"; background-color:#0077b5; color:#fff\" target=\"_blank\"><span class=\"shariff-icon\" style=\"\"><svg width=\"32px\" height=\"20px\" xmlns=\"http:\/\/www.w3.org\/2000\/svg\" viewBox=\"0 0 27 32\"><path fill=\"#0077b5\" d=\"M6.2 11.2v17.7h-5.9v-17.7h5.9zM6.6 5.7q0 1.3-0.9 2.2t-2.4 0.9h0q-1.5 0-2.4-0.9t-0.9-2.2 0.9-2.2 2.4-0.9 2.4 0.9 0.9 2.2zM27.4 18.7v10.1h-5.9v-9.5q0-1.9-0.7-2.9t-2.3-1.1q-1.1 0-1.9 0.6t-1.2 1.5q-0.2 0.5-0.2 1.4v9.9h-5.9q0-7.1 0-11.6t0-5.3l0-0.9h5.9v2.6h0q0.4-0.6 0.7-1t1-0.9 1.6-0.8 2-0.3q3 0 4.9 2t1.9 6z\"\/><\/svg><\/span><span class=\"shariff-text\">share<\/span>&nbsp;<\/a><\/li><li class=\"shariff-button twitter shariff-nocustomcolor\" style=\"background-color:#32bbf5\"><a href=\"https:\/\/twitter.com\/share?url=https%3A%2F%2Fwww.scheer-imc.com%2Fblog%2Farticle%2Ffuture-of-work-can-germany-afford-its-current-ai-scepticism%2F&text=Future%20of%20Work%3A%20Can%20Germany%20Afford%20its%20Current%20AI%20Scepticism%3F\" title=\"Share on Twitter\" aria-label=\"Share on Twitter\" role=\"button\" rel=\"noopener nofollow\" class=\"shariff-link\" style=\"; background-color:#55acee; color:#fff\" target=\"_blank\"><span class=\"shariff-icon\" style=\"\"><svg width=\"32px\" height=\"20px\" xmlns=\"http:\/\/www.w3.org\/2000\/svg\" viewBox=\"0 0 30 32\"><path fill=\"#55acee\" d=\"M29.7 6.8q-1.2 1.8-3 3.1 0 0.3 0 0.8 0 2.5-0.7 4.9t-2.2 4.7-3.5 4-4.9 2.8-6.1 1q-5.1 0-9.3-2.7 0.6 0.1 1.5 0.1 4.3 0 7.6-2.6-2-0.1-3.5-1.2t-2.2-3q0.6 0.1 1.1 0.1 0.8 0 1.6-0.2-2.1-0.4-3.5-2.1t-1.4-3.9v-0.1q1.3 0.7 2.8 0.8-1.2-0.8-2-2.2t-0.7-2.9q0-1.7 0.8-3.1 2.3 2.8 5.5 4.5t7 1.9q-0.2-0.7-0.2-1.4 0-2.5 1.8-4.3t4.3-1.8q2.7 0 4.5 1.9 2.1-0.4 3.9-1.5-0.7 2.2-2.7 3.4 1.8-0.2 3.5-0.9z\"\/><\/svg><\/span><span class=\"shariff-text\">tweet<\/span>&nbsp;<\/a><\/li><li class=\"shariff-button facebook shariff-nocustomcolor\" style=\"background-color:#4273c8\"><a href=\"https:\/\/www.facebook.com\/sharer\/sharer.php?u=https%3A%2F%2Fwww.scheer-imc.com%2Fblog%2Farticle%2Ffuture-of-work-can-germany-afford-its-current-ai-scepticism%2F\" title=\"Share on Facebook\" aria-label=\"Share on Facebook\" role=\"button\" rel=\"nofollow\" class=\"shariff-link\" style=\"; background-color:#3b5998; color:#fff\" target=\"_blank\"><span class=\"shariff-icon\" style=\"\"><svg width=\"32px\" height=\"20px\" xmlns=\"http:\/\/www.w3.org\/2000\/svg\" viewBox=\"0 0 18 32\"><path fill=\"#3b5998\" d=\"M17.1 0.2v4.7h-2.8q-1.5 0-2.1 0.6t-0.5 1.9v3.4h5.2l-0.7 5.3h-4.5v13.6h-5.5v-13.6h-4.5v-5.3h4.5v-3.9q0-3.3 1.9-5.2t5-1.8q2.6 0 4.1 0.2z\"\/><\/svg><\/span><span class=\"shariff-text\">share<\/span>&nbsp;<\/a><\/li><li class=\"shariff-button xing shariff-nocustomcolor\" style=\"background-color:#29888a\"><a href=\"https:\/\/www.xing.com\/spi\/shares\/new?url=https%3A%2F%2Fwww.scheer-imc.com%2Fblog%2Farticle%2Ffuture-of-work-can-germany-afford-its-current-ai-scepticism%2F\" title=\"Share on XING\" aria-label=\"Share on XING\" role=\"button\" rel=\"noopener nofollow\" class=\"shariff-link\" style=\"; background-color:#126567; color:#fff\" target=\"_blank\"><span class=\"shariff-icon\" style=\"\"><svg width=\"32px\" height=\"20px\" xmlns=\"http:\/\/www.w3.org\/2000\/svg\" viewBox=\"0 0 25 32\"><path fill=\"#126567\" d=\"M10.7 11.9q-0.2 0.3-4.6 8.2-0.5 0.8-1.2 0.8h-4.3q-0.4 0-0.5-0.3t0-0.6l4.5-8q0 0 0 0l-2.9-5q-0.2-0.4 0-0.7 0.2-0.3 0.5-0.3h4.3q0.7 0 1.2 0.8zM25.1 0.4q0.2 0.3 0 0.7l-9.4 16.7 6 11q0.2 0.4 0 0.6-0.2 0.3-0.6 0.3h-4.3q-0.7 0-1.2-0.8l-6-11.1q0.3-0.6 9.5-16.8 0.4-0.8 1.2-0.8h4.3q0.4 0 0.5 0.3z\"\/><\/svg><\/span><span class=\"shariff-text\">share<\/span>&nbsp;<\/a><\/li><\/ul><\/div>                        <\/div>\n                    <\/div>\n                <\/div>\n                                <div class=\"themeworld__article article\">\n                    <div class=\"article__thumbnail\">\n                        <img decoding=\"async\" src=\"https:\/\/www.scheer-imc.com\/wp-content\/uploads\/2021\/10\/imc-future-of-work-08-1-1024x576.jpg\">\n                    <\/div>\n                    <div class=\"article__body\">\n                        <div class=\"article__details magazine-tag\">\n                                                            <span class=\"article__theme\">Future of Work<\/span>\n                                <span class=\"article__seperator\">\u00b7<\/span>\n                                                        <span class=\"article__date\">08.10.2021<\/span>\n                                                                                            <span class=\"article__readingtime\">Reading time 5 min.<\/span>\n                                                    <\/div>\n                        <div class=\"article__content\">\n                            <a href=\"https:\/\/www.scheer-imc.com\/blog\/article\/future-of-work-interview-with-cigdem-uzunoglu\/\" title=\"Future of Work: Interview with \u00c7i\u011fdem Uzuno\u011flu\" target=\"_self\">\n                                <div class=\"article__title magazine-h3\">Future of Work: Interview with \u00c7i\u011fdem Uzuno\u011flu<\/div>\n                            <\/a>\n                            <div class=\"article__excerpt magazine-copy\">\n                                Competence transfer thanks to digital games? It's possible! In an interview with \u00c7i\u011fdem Uzuno\u011flu, we explain how computer games and continuing education fit together and how they can be used effectively. <a href=\"https:\/\/www.scheer-imc.com\/blog\/article\/future-of-work-interview-with-cigdem-uzunoglu\/\" title=\"Future of Work: Interview with \u00c7i\u011fdem Uzuno\u011flu\">(\u2026) read more<\/a>\n                                                                <\/div>\n                        <\/div>\n                        <div class=\"article__share\">\n                                                        <div class=\"shariff\"><ul class=\"shariff-buttons theme-default orientation-horizontal buttonsize-medium\"><li class=\"shariff-button linkedin shariff-nocustomcolor\" style=\"background-color:#1488bf\"><a href=\"https:\/\/www.linkedin.com\/shareArticle?mini=true&url=https%3A%2F%2Fwww.scheer-imc.com%2Fblog%2Farticle%2Ffuture-of-work-interview-with-cigdem-uzunoglu%2F&title=Future%20of%20Work%3A%20Interview%20with%20%C3%87i%C4%9Fdem%20Uzuno%C4%9Flu\" title=\"Share on LinkedIn\" aria-label=\"Share on LinkedIn\" role=\"button\" rel=\"noopener nofollow\" class=\"shariff-link\" style=\"; background-color:#0077b5; color:#fff\" target=\"_blank\"><span class=\"shariff-icon\" style=\"\"><svg width=\"32px\" height=\"20px\" xmlns=\"http:\/\/www.w3.org\/2000\/svg\" viewBox=\"0 0 27 32\"><path fill=\"#0077b5\" d=\"M6.2 11.2v17.7h-5.9v-17.7h5.9zM6.6 5.7q0 1.3-0.9 2.2t-2.4 0.9h0q-1.5 0-2.4-0.9t-0.9-2.2 0.9-2.2 2.4-0.9 2.4 0.9 0.9 2.2zM27.4 18.7v10.1h-5.9v-9.5q0-1.9-0.7-2.9t-2.3-1.1q-1.1 0-1.9 0.6t-1.2 1.5q-0.2 0.5-0.2 1.4v9.9h-5.9q0-7.1 0-11.6t0-5.3l0-0.9h5.9v2.6h0q0.4-0.6 0.7-1t1-0.9 1.6-0.8 2-0.3q3 0 4.9 2t1.9 6z\"\/><\/svg><\/span><span class=\"shariff-text\">share<\/span>&nbsp;<\/a><\/li><li class=\"shariff-button twitter shariff-nocustomcolor\" style=\"background-color:#32bbf5\"><a href=\"https:\/\/twitter.com\/share?url=https%3A%2F%2Fwww.scheer-imc.com%2Fblog%2Farticle%2Ffuture-of-work-interview-with-cigdem-uzunoglu%2F&text=Future%20of%20Work%3A%20Interview%20with%20%C3%87i%C4%9Fdem%20Uzuno%C4%9Flu\" title=\"Share on Twitter\" aria-label=\"Share on Twitter\" role=\"button\" rel=\"noopener nofollow\" class=\"shariff-link\" style=\"; background-color:#55acee; color:#fff\" target=\"_blank\"><span class=\"shariff-icon\" style=\"\"><svg width=\"32px\" height=\"20px\" xmlns=\"http:\/\/www.w3.org\/2000\/svg\" viewBox=\"0 0 30 32\"><path fill=\"#55acee\" d=\"M29.7 6.8q-1.2 1.8-3 3.1 0 0.3 0 0.8 0 2.5-0.7 4.9t-2.2 4.7-3.5 4-4.9 2.8-6.1 1q-5.1 0-9.3-2.7 0.6 0.1 1.5 0.1 4.3 0 7.6-2.6-2-0.1-3.5-1.2t-2.2-3q0.6 0.1 1.1 0.1 0.8 0 1.6-0.2-2.1-0.4-3.5-2.1t-1.4-3.9v-0.1q1.3 0.7 2.8 0.8-1.2-0.8-2-2.2t-0.7-2.9q0-1.7 0.8-3.1 2.3 2.8 5.5 4.5t7 1.9q-0.2-0.7-0.2-1.4 0-2.5 1.8-4.3t4.3-1.8q2.7 0 4.5 1.9 2.1-0.4 3.9-1.5-0.7 2.2-2.7 3.4 1.8-0.2 3.5-0.9z\"\/><\/svg><\/span><span class=\"shariff-text\">tweet<\/span>&nbsp;<\/a><\/li><li class=\"shariff-button facebook shariff-nocustomcolor\" style=\"background-color:#4273c8\"><a href=\"https:\/\/www.facebook.com\/sharer\/sharer.php?u=https%3A%2F%2Fwww.scheer-imc.com%2Fblog%2Farticle%2Ffuture-of-work-interview-with-cigdem-uzunoglu%2F\" title=\"Share on Facebook\" aria-label=\"Share on Facebook\" role=\"button\" rel=\"nofollow\" class=\"shariff-link\" style=\"; background-color:#3b5998; color:#fff\" target=\"_blank\"><span class=\"shariff-icon\" style=\"\"><svg width=\"32px\" height=\"20px\" xmlns=\"http:\/\/www.w3.org\/2000\/svg\" viewBox=\"0 0 18 32\"><path fill=\"#3b5998\" d=\"M17.1 0.2v4.7h-2.8q-1.5 0-2.1 0.6t-0.5 1.9v3.4h5.2l-0.7 5.3h-4.5v13.6h-5.5v-13.6h-4.5v-5.3h4.5v-3.9q0-3.3 1.9-5.2t5-1.8q2.6 0 4.1 0.2z\"\/><\/svg><\/span><span class=\"shariff-text\">share<\/span>&nbsp;<\/a><\/li><li class=\"shariff-button xing shariff-nocustomcolor\" style=\"background-color:#29888a\"><a href=\"https:\/\/www.xing.com\/spi\/shares\/new?url=https%3A%2F%2Fwww.scheer-imc.com%2Fblog%2Farticle%2Ffuture-of-work-interview-with-cigdem-uzunoglu%2F\" title=\"Share on XING\" aria-label=\"Share on XING\" role=\"button\" rel=\"noopener nofollow\" class=\"shariff-link\" style=\"; background-color:#126567; color:#fff\" target=\"_blank\"><span class=\"shariff-icon\" style=\"\"><svg width=\"32px\" height=\"20px\" xmlns=\"http:\/\/www.w3.org\/2000\/svg\" viewBox=\"0 0 25 32\"><path fill=\"#126567\" d=\"M10.7 11.9q-0.2 0.3-4.6 8.2-0.5 0.8-1.2 0.8h-4.3q-0.4 0-0.5-0.3t0-0.6l4.5-8q0 0 0 0l-2.9-5q-0.2-0.4 0-0.7 0.2-0.3 0.5-0.3h4.3q0.7 0 1.2 0.8zM25.1 0.4q0.2 0.3 0 0.7l-9.4 16.7 6 11q0.2 0.4 0 0.6-0.2 0.3-0.6 0.3h-4.3q-0.7 0-1.2-0.8l-6-11.1q0.3-0.6 9.5-16.8 0.4-0.8 1.2-0.8h4.3q0.4 0 0.5 0.3z\"\/><\/svg><\/span><span class=\"shariff-text\">share<\/span>&nbsp;<\/a><\/li><\/ul><\/div>                        <\/div>\n                    <\/div>\n                <\/div>\n                        <\/div>\n        <div class=\"themeworld__button\">\n            \t\t\t\t\t\t\t\t\t\t\t\t\t\t<a class=\"button button--red button--normal button--solid\" target=\"_self\" title=\"Discover our special Future of Work\" href=\"https:\/\/www.scheer-imc.com\/blog\/article\/future-of-work\/\">\n\t\t\t\t<span class=\"bold\">Discover our special Future of Work<\/span>\n\t\t\t<\/a>\n\t\t\t        <\/div>\n    <\/div>\n<\/div>\n<\/div><\/div><\/div><div id=\"pgc-14734-9-2\"  class=\"panel-grid-cell panel-grid-cell-empty\" ><\/div><\/div><div id=\"pg-14734-10\"  class=\"panel-grid panel-no-style\"  style=\"--mobile-padding:;\" ><div id=\"pgc-14734-10-0\"  class=\"panel-grid-cell\" ><div id=\"panel-14734-10-0-0\" class=\"so-panel widget widget_zrm-breakerwimage panel-first-child panel-last-child\" data-index=\"12\" ><div\n\t\t\t\n\t\t\tclass=\"so-widget-zrm-breakerwimage so-widget-zrm-breakerwimage-default-d75171398898-14734\"\n\t\t\t\n\t\t><div class=\"widget widget--breaker-w-image fit--fullwidth background--black breakout shadow lg\" style=\"background-color:\">\n\t<div class=\"breaker__inner\">\n        <div class=\"breaker__text order-1\">\n            <div class=\"breaker__content\">\n                <div class=\"breaker__headline magazine-h2\">Job Slot<\/div>\n                <div class=\"breaker__copy magazine-copy\"><p>Unique people. Random questions. Take a look behind the scenes and meet imc people from all over the world.<\/p>\n<\/div>\n            <\/div>\n            <div class=\"breaker__cta\">\n                                \t\t\t\t\t\t\t\t\t\t\t\t\t\t<a class=\"button button--red button--normal button--solid\" target=\"_self\" title=\"Get connected\" href=\"https:\/\/www.scheer-imc.com\/blog\/article\/job-slot\/\">\n\t\t\t\t<span class=\"bold\">Get connected<\/span>\n\t\t\t<\/a>\n\t\t\t            <\/div>\n        <\/div>\n        <div class=\"breaker__image order-2 breaker__image--breakout\">\n            <img decoding=\"async\" width=\"424\" height=\"809\" src=\"https:\/\/www.scheer-imc.com\/wp-content\/uploads\/2021\/01\/imc_image_magazine_jobslot_machine-1.png\" class=\"attachment-full size-full\" alt=\"\" srcset=\"https:\/\/www.scheer-imc.com\/wp-content\/uploads\/2021\/01\/imc_image_magazine_jobslot_machine-1.png 424w, https:\/\/www.scheer-imc.com\/wp-content\/uploads\/2021\/01\/imc_image_magazine_jobslot_machine-1-157x300.png 157w\" sizes=\"(max-width: 424px) 100vw, 424px\" \/>        <\/div>\n\t<\/div>\n<\/div>\n<\/div><\/div><\/div><\/div><div id=\"pg-14734-11\"  class=\"panel-grid panel-no-style\"  style=\"--mobile-padding:;\" ><div id=\"pgc-14734-11-0\"  class=\"panel-grid-cell\" ><div id=\"panel-14734-11-0-0\" class=\"so-panel widget widget_zrm-headlinemagazine panel-first-child panel-last-child\" data-index=\"13\" ><div\n\t\t\t\n\t\t\tclass=\"so-widget-zrm-headlinemagazine so-widget-zrm-headlinemagazine-default-d75171398898-14734\"\n\t\t\t\n\t\t><div class=\"widget widget--headline-magazine lg\">\n\t<h2 class=\"magazine-h1\"><span>Out of the Box<\/span><\/h2><\/div>\n<\/div><\/div><\/div><\/div><div id=\"pg-14734-12\"  class=\"panel-grid panel-no-style\"  style=\"--mobile-padding:;\" ><div id=\"pgc-14734-12-0\"  class=\"panel-grid-cell panel-grid-cell-empty\" ><\/div><div id=\"pgc-14734-12-1\"  class=\"panel-grid-cell panel-grid-cell-mobile-last\" ><div id=\"panel-14734-12-1-0\" class=\"so-panel widget widget_zrm-articlegrid panel-first-child panel-last-child\" data-index=\"14\" ><div\n\t\t\t\n\t\t\tclass=\"so-widget-zrm-articlegrid so-widget-zrm-articlegrid-default-d75171398898-14734\"\n\t\t\t\n\t\t><div class=\"widget widget--article-grid article-grid--special lg\">\n        <div class=\"article article--has-background\" style=\"background-image: url('https:\/\/www.scheer-imc.com\/wp-content\/uploads\/2023\/02\/imc-jobslot-ravi-01.jpg');\">\n        <a href=\"https:\/\/www.scheer-imc.com\/blog\/article\/interview-customer-success-manager\/\" title=\"The Crazy Tech Guy Who Wanted to Be a Formula 1 Driver\" target=\"_self\" class=\"article__title magazine-h3\">\n            The Crazy Tech Guy Who Wanted to Be a Formula 1 Driver        <\/a>\n        <div class=\"article__details magazine-tag\">\n            <div class=\"article__author\">\n                <img alt='' src='https:\/\/secure.gravatar.com\/avatar\/?s=96&#038;d=mm&#038;r=g' srcset='https:\/\/secure.gravatar.com\/avatar\/?s=192&#038;d=mm&#038;r=g 2x' class='avatar avatar-96 photo avatar-default' height='96' width='96' \/>            <\/div>\n            <div class=\"article__text-details\">\n                                    <span class=\"article__theme\">Job Slot<\/span>\n                    <span class=\"article__seperator\">\u00b7<\/span>\n                                    <span class=\"article__date\">22.02.2023<\/span>\n                                                        <span class=\"article__readingtime\">Reading time 5 min.<\/span>\n                                <\/div>\n\n        <\/div>\n    <\/div>\n        <div class=\"article article--has-border\" >\n        <a href=\"https:\/\/www.scheer-imc.com\/blog\/article\/equality-and-new-work-concepts-as-a-formula-for-success\/\" title=\"Equality and New Work Concepts as a Formula for Success\" target=\"_self\" class=\"article__title magazine-h3\">\n            Equality and New Work Concepts as a Formula for Success        <\/a>\n        <div class=\"article__details magazine-tag\">\n            <div class=\"article__author\">\n                <img alt='' src='https:\/\/secure.gravatar.com\/avatar\/?s=96&#038;d=mm&#038;r=g' srcset='https:\/\/secure.gravatar.com\/avatar\/?s=192&#038;d=mm&#038;r=g 2x' class='avatar avatar-96 photo avatar-default' height='96' width='96' \/>            <\/div>\n            <div class=\"article__text-details\">\n                                    <span class=\"article__theme\">Diversity<\/span>\n                    <span class=\"article__seperator\">\u00b7<\/span>\n                                    <span class=\"article__date\">07.03.2023<\/span>\n                                                        <span class=\"article__readingtime\">Reading time 4 min.<\/span>\n                                <\/div>\n\n        <\/div>\n    <\/div>\n        <div class=\"article article--has-border\" >\n        <a href=\"https:\/\/www.scheer-imc.com\/blog\/article\/preventive-wellbeing-for-a-healthy-workplace\/\" title=\"Preventive Wellbeing for a Healthy Workplace\" target=\"_self\" class=\"article__title magazine-h3\">\n            Preventive Wellbeing for a Healthy Workplace        <\/a>\n        <div class=\"article__details magazine-tag\">\n            <div class=\"article__author\">\n                <img alt='' src='https:\/\/secure.gravatar.com\/avatar\/?s=96&#038;d=mm&#038;r=g' srcset='https:\/\/secure.gravatar.com\/avatar\/?s=192&#038;d=mm&#038;r=g 2x' class='avatar avatar-96 photo avatar-default' height='96' width='96' \/>            <\/div>\n            <div class=\"article__text-details\">\n                                    <span class=\"article__theme\">Move!<\/span>\n                    <span class=\"article__seperator\">\u00b7<\/span>\n                                    <span class=\"article__date\">28.09.2022<\/span>\n                                                        <span class=\"article__readingtime\">Reading time 4 min.<\/span>\n                                <\/div>\n\n        <\/div>\n    <\/div>\n        <div class=\"article article--has-border\" >\n        <a href=\"https:\/\/www.scheer-imc.com\/blog\/article\/tips-for-lms-professionals\/\" title=\"Diary of a Learning Management System\" target=\"_self\" class=\"article__title magazine-h3\">\n            Diary of a Learning Management System        <\/a>\n        <div class=\"article__details magazine-tag\">\n            <div class=\"article__author\">\n                <img alt='' src='https:\/\/secure.gravatar.com\/avatar\/?s=96&#038;d=mm&#038;r=g' srcset='https:\/\/secure.gravatar.com\/avatar\/?s=192&#038;d=mm&#038;r=g 2x' class='avatar avatar-96 photo avatar-default' height='96' width='96' \/>            <\/div>\n            <div class=\"article__text-details\">\n                                    <span class=\"article__theme\">LMS Hot Topics<\/span>\n                    <span class=\"article__seperator\">\u00b7<\/span>\n                                    <span class=\"article__date\">08.04.2022<\/span>\n                                                        <span class=\"article__readingtime\">Reading time 5 min.<\/span>\n                                <\/div>\n\n        <\/div>\n    <\/div>\n    <\/div>\n<\/div><\/div><\/div><div id=\"pgc-14734-12-2\"  class=\"panel-grid-cell panel-grid-cell-empty\" ><\/div><\/div><\/div>","protected":false},"excerpt":{"rendered":"<p>LMS Hot Topics \u00b7 06.12.2023 Reading time 4 min. LMS Rollouts: Theory vs. Practice chevron-right chevron-left E-Learning Punk \u00b7 14.11.2023 Reading time 5 min. The Meaning of Future Skills chevron-right chevron-left E-Learning Punk \u00b7 11.07.2023 Reading time 3 min. Cohort-based Learning: Learning Together Beats going it Alone chevron-right chevron-left The official imc magazine Subscribe RSS [&hellip;]<\/p>\n","protected":false},"author":7,"featured_media":14763,"parent":0,"menu_order":18,"comment_status":"closed","ping_status":"closed","template":"","meta":{"_acf_changed":false,"content-type":"","footnotes":""},"class_list":["post-14734","page","type-page","status-publish","has-post-thumbnail","hentry"],"acf":[],"yoast_head":"<!-- This site is optimized with the Yoast SEO plugin v25.5 - https:\/\/yoast.com\/wordpress\/plugins\/seo\/ -->\n<title>Rethink - the imc Magazine for e-Learning and Digitalisation<\/title>\n<meta name=\"description\" content=\"Trend stories, featured articles, interviews, podcasts, events, exclusive talks and many more. Discover now...\" \/>\n<meta name=\"robots\" content=\"index, follow, max-snippet:-1, max-image-preview:large, max-video-preview:-1\" \/>\n<link rel=\"canonical\" href=\"https:\/\/www.scheer-imc.com\/rethink\/\" \/>\n<meta property=\"og:locale\" content=\"en_GB\" \/>\n<meta property=\"og:type\" content=\"article\" \/>\n<meta property=\"og:title\" content=\"Rethink - the imc Magazine for e-Learning and Digitalisation\" \/>\n<meta property=\"og:description\" content=\"Trend stories, featured articles, interviews, podcasts, events, exclusive talks and many more. Discover now...\" \/>\n<meta property=\"og:url\" content=\"https:\/\/www.scheer-imc.com\/rethink\/\" \/>\n<meta property=\"og:site_name\" content=\"Scheer IMC\" \/>\n<meta property=\"article:publisher\" content=\"https:\/\/www.facebook.com\/imcLearning\" \/>\n<meta property=\"article:modified_time\" content=\"2025-11-05T14:03:16+00:00\" \/>\n<meta property=\"og:image\" content=\"https:\/\/www.scheer-imc.com\/wp-content\/uploads\/2021\/01\/imc_image_agazine-featured-image-en.jpg\" \/>\n\t<meta property=\"og:image:width\" content=\"1200\" \/>\n\t<meta property=\"og:image:height\" content=\"630\" \/>\n\t<meta property=\"og:image:type\" content=\"image\/jpeg\" \/>\n<meta name=\"twitter:card\" content=\"summary_large_image\" \/>\n<meta name=\"twitter:site\" content=\"@imc_learning\" \/>\n<meta name=\"twitter:label1\" content=\"Estimated reading time\" \/>\n\t<meta name=\"twitter:data1\" content=\"10 minutes\" \/>\n<script type=\"application\/ld+json\" class=\"yoast-schema-graph\">{\"@context\":\"https:\/\/schema.org\",\"@graph\":[{\"@type\":\"WebPage\",\"@id\":\"https:\/\/www.scheer-imc.com\/rethink\/\",\"url\":\"https:\/\/www.scheer-imc.com\/rethink\/\",\"name\":\"Rethink - the imc Magazine for e-Learning and Digitalisation\",\"isPartOf\":{\"@id\":\"https:\/\/www.scheer-imc.com\/#website\"},\"primaryImageOfPage\":{\"@id\":\"https:\/\/www.scheer-imc.com\/rethink\/#primaryimage\"},\"image\":{\"@id\":\"https:\/\/www.scheer-imc.com\/rethink\/#primaryimage\"},\"thumbnailUrl\":\"https:\/\/www.scheer-imc.com\/wp-content\/uploads\/2021\/01\/imc_image_agazine-featured-image-en.jpg\",\"datePublished\":\"2021-01-23T10:12:30+00:00\",\"dateModified\":\"2025-11-05T14:03:16+00:00\",\"description\":\"Trend stories, featured articles, interviews, podcasts, events, exclusive talks and many more. Discover now...\",\"breadcrumb\":{\"@id\":\"https:\/\/www.scheer-imc.com\/rethink\/#breadcrumb\"},\"inLanguage\":\"en-GB\",\"potentialAction\":[{\"@type\":\"ReadAction\",\"target\":[\"https:\/\/www.scheer-imc.com\/rethink\/\"]}]},{\"@type\":\"ImageObject\",\"inLanguage\":\"en-GB\",\"@id\":\"https:\/\/www.scheer-imc.com\/rethink\/#primaryimage\",\"url\":\"https:\/\/www.scheer-imc.com\/wp-content\/uploads\/2021\/01\/imc_image_agazine-featured-image-en.jpg\",\"contentUrl\":\"https:\/\/www.scheer-imc.com\/wp-content\/uploads\/2021\/01\/imc_image_agazine-featured-image-en.jpg\",\"width\":1200,\"height\":630,\"caption\":\"Reth!nk - The offical imc magazine\"},{\"@type\":\"BreadcrumbList\",\"@id\":\"https:\/\/www.scheer-imc.com\/rethink\/#breadcrumb\",\"itemListElement\":[{\"@type\":\"ListItem\",\"position\":1,\"name\":\"Startseite\",\"item\":\"https:\/\/www.scheer-imc.com\/\"},{\"@type\":\"ListItem\",\"position\":2,\"name\":\"Rethink Magazine\"}]},{\"@type\":\"WebSite\",\"@id\":\"https:\/\/www.scheer-imc.com\/#website\",\"url\":\"https:\/\/www.scheer-imc.com\/\",\"name\":\"Scheer IMC\",\"description\":\"Create a unique learning experience with Scheer IMC\",\"potentialAction\":[{\"@type\":\"SearchAction\",\"target\":{\"@type\":\"EntryPoint\",\"urlTemplate\":\"https:\/\/www.scheer-imc.com\/?s={search_term_string}\"},\"query-input\":{\"@type\":\"PropertyValueSpecification\",\"valueRequired\":true,\"valueName\":\"search_term_string\"}}],\"inLanguage\":\"en-GB\"}]}<\/script>\n<!-- \/ Yoast SEO plugin. -->","yoast_head_json":{"title":"Rethink - the imc Magazine for e-Learning and Digitalisation","description":"Trend stories, featured articles, interviews, podcasts, events, exclusive talks and many more. Discover now...","robots":{"index":"index","follow":"follow","max-snippet":"max-snippet:-1","max-image-preview":"max-image-preview:large","max-video-preview":"max-video-preview:-1"},"canonical":"https:\/\/www.scheer-imc.com\/rethink\/","og_locale":"en_GB","og_type":"article","og_title":"Rethink - the imc Magazine for e-Learning and Digitalisation","og_description":"Trend stories, featured articles, interviews, podcasts, events, exclusive talks and many more. Discover now...","og_url":"https:\/\/www.scheer-imc.com\/rethink\/","og_site_name":"Scheer IMC","article_publisher":"https:\/\/www.facebook.com\/imcLearning","article_modified_time":"2025-11-05T14:03:16+00:00","og_image":[{"width":1200,"height":630,"url":"https:\/\/www.scheer-imc.com\/wp-content\/uploads\/2021\/01\/imc_image_agazine-featured-image-en.jpg","type":"image\/jpeg"}],"twitter_card":"summary_large_image","twitter_site":"@imc_learning","twitter_misc":{"Estimated reading time":"10 minutes"},"schema":{"@context":"https:\/\/schema.org","@graph":[{"@type":"WebPage","@id":"https:\/\/www.scheer-imc.com\/rethink\/","url":"https:\/\/www.scheer-imc.com\/rethink\/","name":"Rethink - the imc Magazine for e-Learning and Digitalisation","isPartOf":{"@id":"https:\/\/www.scheer-imc.com\/#website"},"primaryImageOfPage":{"@id":"https:\/\/www.scheer-imc.com\/rethink\/#primaryimage"},"image":{"@id":"https:\/\/www.scheer-imc.com\/rethink\/#primaryimage"},"thumbnailUrl":"https:\/\/www.scheer-imc.com\/wp-content\/uploads\/2021\/01\/imc_image_agazine-featured-image-en.jpg","datePublished":"2021-01-23T10:12:30+00:00","dateModified":"2025-11-05T14:03:16+00:00","description":"Trend stories, featured articles, interviews, podcasts, events, exclusive talks and many more. Discover now...","breadcrumb":{"@id":"https:\/\/www.scheer-imc.com\/rethink\/#breadcrumb"},"inLanguage":"en-GB","potentialAction":[{"@type":"ReadAction","target":["https:\/\/www.scheer-imc.com\/rethink\/"]}]},{"@type":"ImageObject","inLanguage":"en-GB","@id":"https:\/\/www.scheer-imc.com\/rethink\/#primaryimage","url":"https:\/\/www.scheer-imc.com\/wp-content\/uploads\/2021\/01\/imc_image_agazine-featured-image-en.jpg","contentUrl":"https:\/\/www.scheer-imc.com\/wp-content\/uploads\/2021\/01\/imc_image_agazine-featured-image-en.jpg","width":1200,"height":630,"caption":"Reth!nk - The offical imc magazine"},{"@type":"BreadcrumbList","@id":"https:\/\/www.scheer-imc.com\/rethink\/#breadcrumb","itemListElement":[{"@type":"ListItem","position":1,"name":"Startseite","item":"https:\/\/www.scheer-imc.com\/"},{"@type":"ListItem","position":2,"name":"Rethink Magazine"}]},{"@type":"WebSite","@id":"https:\/\/www.scheer-imc.com\/#website","url":"https:\/\/www.scheer-imc.com\/","name":"Scheer IMC","description":"Create a unique learning experience with Scheer IMC","potentialAction":[{"@type":"SearchAction","target":{"@type":"EntryPoint","urlTemplate":"https:\/\/www.scheer-imc.com\/?s={search_term_string}"},"query-input":{"@type":"PropertyValueSpecification","valueRequired":true,"valueName":"search_term_string"}}],"inLanguage":"en-GB"}]}},"_links":{"self":[{"href":"https:\/\/www.scheer-imc.com\/wp-json\/wp\/v2\/pages\/14734","targetHints":{"allow":["GET"]}}],"collection":[{"href":"https:\/\/www.scheer-imc.com\/wp-json\/wp\/v2\/pages"}],"about":[{"href":"https:\/\/www.scheer-imc.com\/wp-json\/wp\/v2\/types\/page"}],"author":[{"embeddable":true,"href":"https:\/\/www.scheer-imc.com\/wp-json\/wp\/v2\/users\/7"}],"replies":[{"embeddable":true,"href":"https:\/\/www.scheer-imc.com\/wp-json\/wp\/v2\/comments?post=14734"}],"version-history":[{"count":3,"href":"https:\/\/www.scheer-imc.com\/wp-json\/wp\/v2\/pages\/14734\/revisions"}],"predecessor-version":[{"id":24665,"href":"https:\/\/www.scheer-imc.com\/wp-json\/wp\/v2\/pages\/14734\/revisions\/24665"}],"wp:featuredmedia":[{"embeddable":true,"href":"https:\/\/www.scheer-imc.com\/wp-json\/wp\/v2\/media\/14763"}],"wp:attachment":[{"href":"https:\/\/www.scheer-imc.com\/wp-json\/wp\/v2\/media?parent=14734"}],"curies":[{"name":"wp","href":"https:\/\/api.w.org\/{rel}","templated":true}]}}