{"id":12974,"date":"2020-05-05T16:10:15","date_gmt":"2020-05-05T14:10:15","guid":{"rendered":"https:\/\/www.scheer-imc.com\/de\/?page_id=12974"},"modified":"2025-01-02T09:50:56","modified_gmt":"2025-01-02T08:50:56","slug":"impressum","status":"publish","type":"page","link":"https:\/\/www.scheer-imc.com\/de\/impressum\/","title":{"rendered":"Impressum"},"content":{"rendered":"<div id=\"pl-12974\"  class=\"panel-layout\" ><div id=\"pg-12974-0\"  class=\"panel-grid panel-no-style\"  style=\"--mobile-padding:;\" ><div id=\"pgc-12974-0-0\"  class=\"panel-grid-cell\" ><div id=\"panel-12974-0-0-0\" class=\"so-panel widget widget_zrm-hero panel-first-child panel-last-child\" data-index=\"0\" ><div\n\t\t\t\n\t\t\tclass=\"so-widget-zrm-hero so-widget-zrm-hero-default-d75171398898-12974\"\n\t\t\t\n\t\t><div class=\"widget widget--hero widget--left widget--show lg\">\n\t\t\t<div class=\"hero__image\">\n\t\t\t<div class=\"hero__darken\"><\/div>\t\t\t<img decoding=\"async\" width=\"2000\" height=\"1333\" src=\"https:\/\/www.scheer-imc.com\/de\/wp-content\/uploads\/sites\/8\/2020\/05\/2019-12-04-imc-55414.jpg\" class=\"attachment-full size-full\" alt=\"woman at laptop computer\" srcset=\"https:\/\/www.scheer-imc.com\/de\/wp-content\/uploads\/sites\/8\/2020\/05\/2019-12-04-imc-55414.jpg 2000w, https:\/\/www.scheer-imc.com\/de\/wp-content\/uploads\/sites\/8\/2020\/05\/2019-12-04-imc-55414-300x200.jpg 300w, https:\/\/www.scheer-imc.com\/de\/wp-content\/uploads\/sites\/8\/2020\/05\/2019-12-04-imc-55414-1024x682.jpg 1024w, https:\/\/www.scheer-imc.com\/de\/wp-content\/uploads\/sites\/8\/2020\/05\/2019-12-04-imc-55414-768x512.jpg 768w, https:\/\/www.scheer-imc.com\/de\/wp-content\/uploads\/sites\/8\/2020\/05\/2019-12-04-imc-55414-1536x1024.jpg 1536w\" sizes=\"(max-width: 2000px) 100vw, 2000px\" \/>\t\t<\/div>\n\t\t<div class=\"hero__container\">\n\t\t<div class=\"hero__headline bold\">\n\t\t\t<div class=\"firstline\">Impressum<\/div>\n\t\t\t<div class=\"secondline\"><\/div>\n\t\t<\/div>\n\t\t\t\t<div class=\"hero__content hero__content--normal\">\n\t\t\t<div class=\"hero__text\">\n\t\t\t\t\t\t\t\t\t\t\t\t\t\t\t\t\t<div class=\"hero__cta\">\n\t\t\t\t\t\t\t\t\t\t\t\t\t\t\t\t\t<\/div>\n\t\t\t\t\t\t\t<\/div>\n\t\t<\/div>\n\t<\/div>\n<\/div>\n<\/div><\/div><\/div><\/div><div id=\"pg-12974-1\"  class=\"panel-grid panel-no-style\"  style=\"--mobile-padding:;\" ><div id=\"pgc-12974-1-0\"  class=\"panel-grid-cell panel-grid-cell-empty\" ><\/div><div id=\"pgc-12974-1-1\"  class=\"panel-grid-cell panel-grid-cell-mobile-last\" ><div id=\"panel-12974-1-1-0\" class=\"so-panel widget widget_zrm-headline panel-first-child\" data-index=\"1\" ><div\n\t\t\t\n\t\t\tclass=\"so-widget-zrm-headline so-widget-zrm-headline-default-d75171398898-12974\"\n\t\t\t\n\t\t><div class=\"widget widget--headline widget--left widget--show md  \">\n\t<div class=\"preline\"><\/div>\n\t<h1 class=\"headline h1\">Impressum<\/h1>\t<div class=\"subline\"><\/div>\n<\/div>\n<\/div><\/div><div id=\"panel-12974-1-1-1\" class=\"so-panel widget widget_zrm-editor panel-last-child\" data-index=\"2\" ><div\n\t\t\t\n\t\t\tclass=\"so-widget-zrm-editor so-widget-zrm-editor-default-d75171398898-12974\"\n\t\t\t\n\t\t><div class=\"widget widget--editor widget--show xl\">\n\t<h4>Anbieter des Webauftritts i. S. d.\u00a0 \u00a7 5 TMG:<\/h4>\n<p>imc information multimedia communication AG<\/p>\n<p>Scheer Tower<\/p>\n<p>Uni-Campus Nord<\/p>\n<p>66123 Saarbr\u00fccken<\/p>\n<p>Telefon: +49 681 9476 0<\/p>\n<p>Telefax: +49 681 9476 530<\/p>\n<p>E-Mail: info@im-c.com<\/p>\n<p>&nbsp;<\/p>\n<p>&nbsp;<\/p>\n<h4>Vorsitzender des Aufsichtsrats<\/h4>\n<p>Prof. Dr. Dr. h.c. mult. August-Wilhelm Scheer<\/p>\n<p>&nbsp;<\/p>\n<p>&nbsp;<\/p>\n<h4>Vertretungsberechtigter Vorstand<\/h4>\n<p>Christian Wachter (Co-CEO)<\/p>\n<p>Sven R. Becker (Co-CEO)<\/p>\n<p>Roman Muth<\/p>\n<p>&nbsp;<\/p>\n<p>&nbsp;<\/p>\n<p>&nbsp;<\/p>\n<p>&nbsp;<\/p>\n<h4>Registereintrag<\/h4>\n<p>Registergericht: Amtsgericht Saarbr\u00fccken<\/p>\n<p>Registernummer: HRB 13338<\/p>\n<p>Sitz der Gesellschaft: Saarbr\u00fccken<\/p>\n<p>&nbsp;<\/p>\n<p>&nbsp;<\/p>\n<p>&nbsp;<\/p>\n<h4>Umsatzsteuer-Identifikationsnummer gem\u00e4\u00df \u00a727 a Umsatzsteuergesetz<\/h4>\n<p>DE 812 187 208<\/p>\n<p>&nbsp;<\/p>\n<p>&nbsp;<\/p>\n<p>&nbsp;<\/p>\n<h4>Verantwortliche i.S.d. \u00a7 55 Abs. 2 RStV<\/h4>\n<p>Kerstin Steffen<\/p>\n<p>Scheer Tower<\/p>\n<p>Uni-Campus Nord<\/p>\n<p>66123 Saarbr\u00fccken<\/p>\n<p>&nbsp;<\/p>\n<p>&nbsp;<\/p>\n<p>&nbsp;<\/p>\n<h4>Implementierung und Design<\/h4>\n<p>imc information multimedia communication AG<\/p>\n<p>Scheer Tower<\/p>\n<p>Uni-Campus Nord<\/p>\n<p>66123 Saarbr\u00fccken<\/p>\n<p>&nbsp;<\/p>\n<p>&nbsp;<\/p>\n<p>&nbsp;<\/p>\n<h4>Hinweis auf EU-Streitschlichtung<\/h4>\n<p>Die Europ\u00e4ische Kommission stellt eine Plattform zur Online-Streitbeilegung (OS) bereit:<\/p>\n<p><a href=\"https:\/\/ec.europa.eu\/consumers\/odr\/\" target=\"_blank\" rel=\"noopener\">https:\/\/ec.europa.eu\/consumers\/odr\/<\/a><\/p>\n<p>Wir sind zur Teilnahme an einem Streitbeilegungsverfahren vor einer Verbraucherschlichtungsstelle weder verpflichtet noch bereit.<\/p>\n<p>&nbsp;<\/p>\n<\/div><\/div><\/div><\/div><div id=\"pgc-12974-1-2\"  class=\"panel-grid-cell panel-grid-cell-empty\" ><\/div><\/div><div id=\"pg-12974-2\"  class=\"panel-grid panel-no-style\"  style=\"--mobile-padding:;\" ><div id=\"pgc-12974-2-0\"  class=\"panel-grid-cell\" ><div id=\"panel-12974-2-0-0\" class=\"so-panel widget widget_zrm-separator panel-first-child panel-last-child\" data-index=\"3\" ><div\n\t\t\t\n\t\t\tclass=\"so-widget-zrm-separator so-widget-zrm-separator-default-d75171398898-12974\"\n\t\t\t\n\t\t><div class=\"widget widget--separator widget--show md\">\n\t<div class=\"separator\">\n\t\t<div class=\"separator__line\"><\/div>\n\t\t<span class=\"separator__text\">HAFTUNGSAUSSCHUSS (DISCLAIMER)<\/span>\t\t<div class=\"separator__line\"><\/div>\n\t<\/div>\n<\/div><\/div><\/div><\/div><\/div><div id=\"pg-12974-3\"  class=\"panel-grid panel-no-style\"  style=\"--mobile-padding:;\" ><div id=\"pgc-12974-3-0\"  class=\"panel-grid-cell panel-grid-cell-empty\" ><\/div><div id=\"pgc-12974-3-1\"  class=\"panel-grid-cell panel-grid-cell-mobile-last\" ><div id=\"panel-12974-3-1-0\" class=\"so-panel widget widget_zrm-editor panel-first-child panel-last-child\" data-index=\"4\" ><div\n\t\t\t\n\t\t\tclass=\"so-widget-zrm-editor so-widget-zrm-editor-default-d75171398898-12974\"\n\t\t\t\n\t\t><div class=\"widget widget--editor widget--show xl\">\n\t<p><strong>Haftung f\u00fcr Inhalte<\/strong><\/p>\n<p>Als Diensteanbieter sind wir gem\u00e4\u00df \u00a7 7 Abs.1 TMG f\u00fcr eigene Inhalte auf diesen Seiten nach den allgemeinen Gesetzen verantwortlich. Nach \u00a7\u00a7 8 bis 10 TMG sind wir als Diensteanbieter jedoch nicht verpflichtet, \u00fcbermittelte oder gespeicherte fremde Informationen zu \u00fcberwachen oder nach Umst\u00e4nden zu forschen, die auf eine rechtswidrige T\u00e4tigkeit hinweisen. Verpflichtungen zur Entfernung oder Sperrung der Nutzung von Informationen nach den allgemeinen Gesetzen bleiben hiervon unber\u00fchrt. Eine diesbez\u00fcgliche Haftung ist jedoch erst ab dem Zeitpunkt der Kenntnis einer konkreten Rechtsverletzung m\u00f6glich. Bei Bekanntwerden von entsprechenden Rechtsverletzungen werden wir diese Inhalte umgehend entfernen.<\/p>\n<p>&nbsp;<\/p>\n<p>&nbsp;<\/p>\n<p><strong>Haftung f\u00fcr Links<\/strong><\/p>\n<p>Unser Angebot enth\u00e4lt Links zu externen Webseiten Dritter, auf deren Inhalte wir keinen Einfluss haben. Deshalb k\u00f6nnen wir f\u00fcr diese fremden Inhalte auch keine Gew\u00e4hr \u00fcbernehmen. F\u00fcr die Inhalte der verlinkten Seiten ist stets der jeweilige Anbieter oder Betreiber der Seiten verantwortlich. Die verlinkten Seiten wurden zum Zeitpunkt der Verlinkung auf m\u00f6gliche Rechtsverst\u00f6\u00dfe \u00fcberpr\u00fcft. Rechtswidrige Inhalte waren zum Zeitpunkt der Verlinkung nicht erkennbar. Eine permanente inhaltliche Kontrolle der verlinkten Seiten ist jedoch ohne konkrete Anhaltspunkte einer Rechtsverletzung nicht zumutbar. Bei Bekanntwerden von Rechtsverletzungen werden wir derartige Links umgehend entfernen.<\/p>\n<p>&nbsp;<\/p>\n<p>&nbsp;<\/p>\n<p><strong>Urheberrecht<\/strong><\/p>\n<p>Die durch die Seitenbetreiber erstellten Inhalte und Werke auf diesen Seiten unterliegen dem deutschen Urheberrecht. Die Vervielf\u00e4ltigung, Bearbeitung, Verbreitung und jede Art der Verwertung au\u00dferhalb der Grenzen des Urheberrechtes bed\u00fcrfen der schriftlichen Zustimmung des jeweiligen Autors bzw. Erstellers. Downloads und Kopien dieser Seite sind nur f\u00fcr den privaten, nicht kommerziellen Gebrauch gestattet. Soweit die Inhalte auf dieser Seite nicht vom Betreiber erstellt wurden, werden die Urheberrechte Dritter beachtet. Insbesondere werden Inhalte Dritter als solche gekennzeichnet. Sollten Sie trotzdem auf eine Urheberrechtsverletzung aufmerksam werden, bitten wir um einen entsprechenden Hinweis. Bei Bekanntwerden von Rechtsverletzungen werden wir derartige Inhalte umgehend entfernen.<\/p>\n<p>&nbsp;<\/p>\n<p>&nbsp;<\/p>\n<p><strong>Marken<\/strong><\/p>\n<p>imc ist eine Marke der information multimedia communciation AG. Alle anderen auf diesen Seiten erw\u00e4hnten Produkt- und Firmennamen sind m\u00f6glicherweise Marken ihrer jeweiligen Hersteller. Die Marke imc darf im Zusammenhang mit der Verbreitung dieser Information durch Werbung oder sonstige Ver\u00f6ffentlichung nur mit ausdr\u00fccklicher vorheriger schriftlicher Zustimmung verwendet werden.<\/p>\n<p>&nbsp;<\/p>\n<p>Alle Rechte, die hier nicht ausdr\u00fccklich gew\u00e4hrt werden, sind vorbehalten. Bei Fragen oder Problemen wenden Sie sich bitte an die information multimedia comunciation AG.<\/p>\n<\/div><\/div><\/div><\/div><div id=\"pgc-12974-3-2\"  class=\"panel-grid-cell panel-grid-cell-empty\" ><\/div><\/div><\/div>","protected":false},"excerpt":{"rendered":"<p>Impressum Impressum Anbieter des Webauftritts i. S. d.\u00a0 \u00a7 5 TMG: imc information multimedia communication AG Scheer Tower Uni-Campus Nord 66123 Saarbr\u00fccken Telefon: +49 681 9476 0 Telefax: +49 681 9476 530 E-Mail: info@im-c.com &nbsp; &nbsp; Vorsitzender des Aufsichtsrats Prof. Dr. Dr. h.c. mult. August-Wilhelm Scheer &nbsp; &nbsp; Vertretungsberechtigter Vorstand Christian Wachter (Co-CEO) Sven R. [&hellip;]<\/p>\n","protected":false},"author":7,"featured_media":13210,"parent":0,"menu_order":26,"comment_status":"closed","ping_status":"closed","template":"","meta":{"_acf_changed":false,"content-type":"","footnotes":""},"class_list":["post-12974","page","type-page","status-publish","has-post-thumbnail","hentry"],"acf":[],"yoast_head":"<!-- This site is optimized with the Yoast SEO plugin v25.5 - https:\/\/yoast.com\/wordpress\/plugins\/seo\/ -->\n<title>Impressum der imc AG<\/title>\n<meta name=\"description\" content=\"Im Impressum der imc AG finden Sie alle relevante Unternehmensinformationen wie Kontaktm\u00f6glichkeiten, Adresse und Informationen zum Vorstand. Zum Impressum\" \/>\n<meta name=\"robots\" content=\"index, follow, max-snippet:-1, max-image-preview:large, max-video-preview:-1\" \/>\n<link rel=\"canonical\" href=\"https:\/\/www.scheer-imc.com\/de\/impressum\/\" \/>\n<meta property=\"og:locale\" content=\"de_DE\" \/>\n<meta property=\"og:type\" content=\"article\" \/>\n<meta property=\"og:title\" content=\"Impressum der imc AG\" \/>\n<meta property=\"og:description\" content=\"Im Impressum der imc AG finden Sie alle relevante Unternehmensinformationen wie Kontaktm\u00f6glichkeiten, Adresse und Informationen zum Vorstand. Zum Impressum\" \/>\n<meta property=\"og:url\" content=\"https:\/\/www.scheer-imc.com\/de\/impressum\/\" \/>\n<meta property=\"og:site_name\" content=\"Scheer IMC\" \/>\n<meta property=\"article:publisher\" content=\"https:\/\/www.facebook.com\/imcLearning\" \/>\n<meta property=\"article:modified_time\" content=\"2025-01-02T08:50:56+00:00\" \/>\n<meta property=\"og:image\" content=\"https:\/\/www.scheer-imc.com\/de\/wp-content\/uploads\/sites\/8\/2020\/05\/2019-12-04-imc-55414.jpg\" \/>\n\t<meta property=\"og:image:width\" content=\"2000\" \/>\n\t<meta property=\"og:image:height\" content=\"1333\" \/>\n\t<meta property=\"og:image:type\" content=\"image\/jpeg\" \/>\n<meta name=\"twitter:card\" content=\"summary_large_image\" \/>\n<meta name=\"twitter:site\" content=\"@imc_learning\" \/>\n<meta name=\"twitter:label1\" content=\"Gesch\u00e4tzte Lesezeit\" \/>\n\t<meta name=\"twitter:data1\" content=\"4\u00a0Minuten\" \/>\n<script type=\"application\/ld+json\" class=\"yoast-schema-graph\">{\"@context\":\"https:\/\/schema.org\",\"@graph\":[{\"@type\":\"WebPage\",\"@id\":\"https:\/\/www.scheer-imc.com\/de\/impressum\/\",\"url\":\"https:\/\/www.scheer-imc.com\/de\/impressum\/\",\"name\":\"Impressum der imc AG\",\"isPartOf\":{\"@id\":\"https:\/\/www.scheer-imc.com\/de\/#website\"},\"primaryImageOfPage\":{\"@id\":\"https:\/\/www.scheer-imc.com\/de\/impressum\/#primaryimage\"},\"image\":{\"@id\":\"https:\/\/www.scheer-imc.com\/de\/impressum\/#primaryimage\"},\"thumbnailUrl\":\"https:\/\/www.scheer-imc.com\/de\/wp-content\/uploads\/sites\/8\/2020\/05\/2019-12-04-imc-55414.jpg\",\"datePublished\":\"2020-05-05T14:10:15+00:00\",\"dateModified\":\"2025-01-02T08:50:56+00:00\",\"description\":\"Im Impressum der imc AG finden Sie alle relevante Unternehmensinformationen wie Kontaktm\u00f6glichkeiten, Adresse und Informationen zum Vorstand. Zum Impressum\",\"breadcrumb\":{\"@id\":\"https:\/\/www.scheer-imc.com\/de\/impressum\/#breadcrumb\"},\"inLanguage\":\"de\",\"potentialAction\":[{\"@type\":\"ReadAction\",\"target\":[\"https:\/\/www.scheer-imc.com\/de\/impressum\/\"]}]},{\"@type\":\"ImageObject\",\"inLanguage\":\"de\",\"@id\":\"https:\/\/www.scheer-imc.com\/de\/impressum\/#primaryimage\",\"url\":\"https:\/\/www.scheer-imc.com\/de\/wp-content\/uploads\/sites\/8\/2020\/05\/2019-12-04-imc-55414.jpg\",\"contentUrl\":\"https:\/\/www.scheer-imc.com\/de\/wp-content\/uploads\/sites\/8\/2020\/05\/2019-12-04-imc-55414.jpg\",\"width\":2000,\"height\":1333,\"caption\":\"woman at laptop computer\"},{\"@type\":\"BreadcrumbList\",\"@id\":\"https:\/\/www.scheer-imc.com\/de\/impressum\/#breadcrumb\",\"itemListElement\":[{\"@type\":\"ListItem\",\"position\":1,\"name\":\"Startseite\",\"item\":\"https:\/\/www.scheer-imc.com\/de\/\"},{\"@type\":\"ListItem\",\"position\":2,\"name\":\"Impressum\"}]},{\"@type\":\"WebSite\",\"@id\":\"https:\/\/www.scheer-imc.com\/de\/#website\",\"url\":\"https:\/\/www.scheer-imc.com\/de\/\",\"name\":\"Scheer IMC\",\"description\":\"Wir verwandeln Lernstrategien in echten Unternehmens\u00aderfolg\",\"potentialAction\":[{\"@type\":\"SearchAction\",\"target\":{\"@type\":\"EntryPoint\",\"urlTemplate\":\"https:\/\/www.scheer-imc.com\/de\/?s={search_term_string}\"},\"query-input\":{\"@type\":\"PropertyValueSpecification\",\"valueRequired\":true,\"valueName\":\"search_term_string\"}}],\"inLanguage\":\"de\"}]}<\/script>\n<!-- \/ Yoast SEO plugin. -->","yoast_head_json":{"title":"Impressum der imc AG","description":"Im Impressum der imc AG finden Sie alle relevante Unternehmensinformationen wie Kontaktm\u00f6glichkeiten, Adresse und Informationen zum Vorstand. Zum Impressum","robots":{"index":"index","follow":"follow","max-snippet":"max-snippet:-1","max-image-preview":"max-image-preview:large","max-video-preview":"max-video-preview:-1"},"canonical":"https:\/\/www.scheer-imc.com\/de\/impressum\/","og_locale":"de_DE","og_type":"article","og_title":"Impressum der imc AG","og_description":"Im Impressum der imc AG finden Sie alle relevante Unternehmensinformationen wie Kontaktm\u00f6glichkeiten, Adresse und Informationen zum Vorstand. Zum Impressum","og_url":"https:\/\/www.scheer-imc.com\/de\/impressum\/","og_site_name":"Scheer IMC","article_publisher":"https:\/\/www.facebook.com\/imcLearning","article_modified_time":"2025-01-02T08:50:56+00:00","og_image":[{"width":2000,"height":1333,"url":"https:\/\/www.scheer-imc.com\/de\/wp-content\/uploads\/sites\/8\/2020\/05\/2019-12-04-imc-55414.jpg","type":"image\/jpeg"}],"twitter_card":"summary_large_image","twitter_site":"@imc_learning","twitter_misc":{"Gesch\u00e4tzte Lesezeit":"4\u00a0Minuten"},"schema":{"@context":"https:\/\/schema.org","@graph":[{"@type":"WebPage","@id":"https:\/\/www.scheer-imc.com\/de\/impressum\/","url":"https:\/\/www.scheer-imc.com\/de\/impressum\/","name":"Impressum der imc AG","isPartOf":{"@id":"https:\/\/www.scheer-imc.com\/de\/#website"},"primaryImageOfPage":{"@id":"https:\/\/www.scheer-imc.com\/de\/impressum\/#primaryimage"},"image":{"@id":"https:\/\/www.scheer-imc.com\/de\/impressum\/#primaryimage"},"thumbnailUrl":"https:\/\/www.scheer-imc.com\/de\/wp-content\/uploads\/sites\/8\/2020\/05\/2019-12-04-imc-55414.jpg","datePublished":"2020-05-05T14:10:15+00:00","dateModified":"2025-01-02T08:50:56+00:00","description":"Im Impressum der imc AG finden Sie alle relevante Unternehmensinformationen wie Kontaktm\u00f6glichkeiten, Adresse und Informationen zum Vorstand. Zum Impressum","breadcrumb":{"@id":"https:\/\/www.scheer-imc.com\/de\/impressum\/#breadcrumb"},"inLanguage":"de","potentialAction":[{"@type":"ReadAction","target":["https:\/\/www.scheer-imc.com\/de\/impressum\/"]}]},{"@type":"ImageObject","inLanguage":"de","@id":"https:\/\/www.scheer-imc.com\/de\/impressum\/#primaryimage","url":"https:\/\/www.scheer-imc.com\/de\/wp-content\/uploads\/sites\/8\/2020\/05\/2019-12-04-imc-55414.jpg","contentUrl":"https:\/\/www.scheer-imc.com\/de\/wp-content\/uploads\/sites\/8\/2020\/05\/2019-12-04-imc-55414.jpg","width":2000,"height":1333,"caption":"woman at laptop computer"},{"@type":"BreadcrumbList","@id":"https:\/\/www.scheer-imc.com\/de\/impressum\/#breadcrumb","itemListElement":[{"@type":"ListItem","position":1,"name":"Startseite","item":"https:\/\/www.scheer-imc.com\/de\/"},{"@type":"ListItem","position":2,"name":"Impressum"}]},{"@type":"WebSite","@id":"https:\/\/www.scheer-imc.com\/de\/#website","url":"https:\/\/www.scheer-imc.com\/de\/","name":"Scheer IMC","description":"Wir verwandeln Lernstrategien in echten Unternehmens\u00aderfolg","potentialAction":[{"@type":"SearchAction","target":{"@type":"EntryPoint","urlTemplate":"https:\/\/www.scheer-imc.com\/de\/?s={search_term_string}"},"query-input":{"@type":"PropertyValueSpecification","valueRequired":true,"valueName":"search_term_string"}}],"inLanguage":"de"}]}},"_links":{"self":[{"href":"https:\/\/www.scheer-imc.com\/de\/wp-json\/wp\/v2\/pages\/12974","targetHints":{"allow":["GET"]}}],"collection":[{"href":"https:\/\/www.scheer-imc.com\/de\/wp-json\/wp\/v2\/pages"}],"about":[{"href":"https:\/\/www.scheer-imc.com\/de\/wp-json\/wp\/v2\/types\/page"}],"author":[{"embeddable":true,"href":"https:\/\/www.scheer-imc.com\/de\/wp-json\/wp\/v2\/users\/7"}],"replies":[{"embeddable":true,"href":"https:\/\/www.scheer-imc.com\/de\/wp-json\/wp\/v2\/comments?post=12974"}],"version-history":[{"count":4,"href":"https:\/\/www.scheer-imc.com\/de\/wp-json\/wp\/v2\/pages\/12974\/revisions"}],"predecessor-version":[{"id":21957,"href":"https:\/\/www.scheer-imc.com\/de\/wp-json\/wp\/v2\/pages\/12974\/revisions\/21957"}],"wp:featuredmedia":[{"embeddable":true,"href":"https:\/\/www.scheer-imc.com\/de\/wp-json\/wp\/v2\/media\/13210"}],"wp:attachment":[{"href":"https:\/\/www.scheer-imc.com\/de\/wp-json\/wp\/v2\/media?parent=12974"}],"curies":[{"name":"wp","href":"https:\/\/api.w.org\/{rel}","templated":true}]}}